{"id":25,"date":"2020-12-22T11:13:16","date_gmt":"2020-12-22T11:13:16","guid":{"rendered":"http:\/\/emma.oceanwp.org\/?page_id=25"},"modified":"2022-03-15T14:39:54","modified_gmt":"2022-03-15T14:39:54","slug":"home-2","status":"publish","type":"page","link":"https:\/\/ian-e.org\/jornadas2022\/","title":{"rendered":"Home"},"content":{"rendered":"\t\t<div data-elementor-type=\"wp-page\" data-elementor-id=\"25\" class=\"elementor elementor-25\" data-elementor-settings=\"[]\">\n\t\t\t\t\t\t\t<div class=\"elementor-section-wrap\">\n\t\t\t\t\t\t\t<section class=\"elementor-section elementor-top-section elementor-element elementor-element-acbe7a5 elementor-section-height-full elementor-section-full_width elementor-section-height-default elementor-section-items-middle\" data-id=\"acbe7a5\" data-element_type=\"section\" data-settings=\"{&quot;background_background&quot;:&quot;classic&quot;}\">\n\t\t\t\t\t\t\t<div class=\"elementor-background-overlay\"><\/div>\n\t\t\t\t\t\t\t<div class=\"elementor-container elementor-column-gap-default\">\n\t\t\t\t\t<div class=\"elementor-column elementor-col-100 elementor-top-column elementor-element elementor-element-dd4d8e4\" data-id=\"dd4d8e4\" data-element_type=\"column\">\n\t\t\t<div class=\"elementor-widget-wrap\">\n\t\t\t\t\t\t\t\t\t<\/div>\n\t\t<\/div>\n\t\t\t\t\t\t\t<\/div>\n\t\t<\/section>\n\t\t\t\t<section class=\"elementor-section elementor-top-section elementor-element elementor-element-842efa1 elementor-section-boxed elementor-section-height-default elementor-section-height-default\" data-id=\"842efa1\" data-element_type=\"section\">\n\t\t\t\t\t\t<div class=\"elementor-container elementor-column-gap-default\">\n\t\t\t\t\t<div class=\"elementor-column elementor-col-100 elementor-top-column elementor-element elementor-element-65a6e67\" data-id=\"65a6e67\" data-element_type=\"column\">\n\t\t\t<div class=\"elementor-widget-wrap elementor-element-populated\">\n\t\t\t\t\t\t\t\t<div class=\"elementor-element elementor-element-7422093 elementor-align-center elementor-widget elementor-widget-button\" data-id=\"7422093\" data-element_type=\"widget\" data-widget_type=\"button.default\">\n\t\t\t\t<div class=\"elementor-widget-container\">\n\t\t\t\t\t<div class=\"elementor-button-wrapper\">\n\t\t\t<a href=\"https:\/\/ian-e.org\/jornadas2022\/?page_id=1763\" class=\"elementor-button-link elementor-button elementor-size-md\" role=\"button\">\n\t\t\t\t\t\t<span class=\"elementor-button-content-wrapper\">\n\t\t\t\t\t\t<span class=\"elementor-button-text\">V\u00eddeos Jornadas<\/span>\n\t\t<\/span>\n\t\t\t\t\t<\/a>\n\t\t<\/div>\n\t\t\t\t<\/div>\n\t\t\t\t<\/div>\n\t\t\t\t\t<\/div>\n\t\t<\/div>\n\t\t\t\t\t\t\t<\/div>\n\t\t<\/section>\n\t\t\t\t<section class=\"elementor-section elementor-top-section elementor-element elementor-element-1fa2e96 elementor-section-content-middle elementor-section-boxed elementor-section-height-default elementor-section-height-default\" data-id=\"1fa2e96\" data-element_type=\"section\" id=\"passion\">\n\t\t\t\t\t\t<div class=\"elementor-container elementor-column-gap-default\">\n\t\t\t\t\t<div class=\"elementor-column elementor-col-50 elementor-top-column elementor-element elementor-element-2373ab8\" data-id=\"2373ab8\" data-element_type=\"column\">\n\t\t\t<div class=\"elementor-widget-wrap elementor-element-populated\">\n\t\t\t\t\t\t\t\t<div class=\"elementor-element elementor-element-3ac4332 no-margin elementor-widget elementor-widget-heading\" data-id=\"3ac4332\" data-element_type=\"widget\" data-widget_type=\"heading.default\">\n\t\t\t\t<div class=\"elementor-widget-container\">\n\t\t\t<h2 class=\"elementor-heading-title elementor-size-default\">PRESENTACI\u00d3N<\/h2>\t\t<\/div>\n\t\t\t\t<\/div>\n\t\t\t\t<div class=\"elementor-element elementor-element-1663af4 elementor-widget elementor-widget-text-editor\" data-id=\"1663af4\" data-element_type=\"widget\" data-widget_type=\"text-editor.default\">\n\t\t\t\t<div class=\"elementor-widget-container\">\n\t\t\t\t\t<div class=\"elementor-text-editor elementor-clearfix\">Es la primera vez que IAN-E organiza unas Jornadas en formato h\u00edbrido: presencial para quien pueda desplazarse y online para quien tenga dificultades para hacerlo. Despu\u00e9s de dos a\u00f1os de pandemia e incertidumbre, es un buen momento para encontrarnos y trabajar sobre lo que esta experiencia puede aportar a la teor\u00eda del apego y a su vez sobre lo que \u00e9sta puede aportar en estos momentos de crisis globales a las pol\u00edticas y reglamentaciones que buscan el bien com\u00fan. \u00bfC\u00f3mo afecta el confinamiento, la necesidad de distancia f\u00edsica, el miedo al contagio, el cansancio, las p\u00e9rdidas humanas y materiales al establecimiento de apegos seguros y su mantenimiento? \u00bfC\u00f3mo est\u00e1 afectando a los valores de la sociedad? \u00bfQu\u00e9 estamos aprendiendo como profesionales y como personas? \u00bfQu\u00e9 puede aportar la Teor\u00eda del Apego a los tratamientos del sufrimiento psicol\u00f3gico en momentos de crisis?\n\nLas Jornadas se estructurar\u00e1n a partir de una presentaci\u00f3n que en la primera ma\u00f1ana ser\u00e1 una conferencia, y posteriormente mesas redondas, con un tema determinado. A continuaci\u00f3n los participantes nos dividiremos en grupos con un\/a conductor\/a en los que se trabajar\u00e1 conjuntamente sobre dichos temas. Al finalizar los grupos de trabajo, volveremos a la sesi\u00f3n plenaria y el portavoz asignado en cada uno de ellos expondr\u00e1 las conclusiones en dicha sesi\u00f3n. Existir\u00e1n grupos presenciales y grupos online que se organizar\u00e1n a trav\u00e9s de Zoom.\n<\/div>\n\t\t\t\t<\/div>\n\t\t\t\t<\/div>\n\t\t\t\t\t<\/div>\n\t\t<\/div>\n\t\t\t\t<div class=\"elementor-column elementor-col-50 elementor-top-column elementor-element elementor-element-5f22640\" data-id=\"5f22640\" data-element_type=\"column\">\n\t\t\t<div class=\"elementor-widget-wrap elementor-element-populated\">\n\t\t\t\t\t\t\t\t<div class=\"elementor-element elementor-element-40e12ac elementor-pagination-position-inside elementor-widget elementor-widget-image-carousel\" data-id=\"40e12ac\" data-element_type=\"widget\" data-settings=\"{&quot;slides_to_show&quot;:&quot;1&quot;,&quot;navigation&quot;:&quot;dots&quot;,&quot;effect&quot;:&quot;fade&quot;,&quot;autoplay&quot;:&quot;yes&quot;,&quot;pause_on_hover&quot;:&quot;yes&quot;,&quot;pause_on_interaction&quot;:&quot;yes&quot;,&quot;autoplay_speed&quot;:5000,&quot;infinite&quot;:&quot;yes&quot;,&quot;speed&quot;:500}\" data-widget_type=\"image-carousel.default\">\n\t\t\t\t<div class=\"elementor-widget-container\">\n\t\t\t\t\t<div class=\"elementor-image-carousel-wrapper swiper-container\" dir=\"ltr\">\n\t\t\t<div class=\"elementor-image-carousel swiper-wrapper\">\n\t\t\t\t<div class=\"swiper-slide\"><figure class=\"swiper-slide-inner\"><img class=\"swiper-slide-image\" src=\"https:\/\/ian-e.org\/jornadas2022\/wp-content\/uploads\/2021\/02\/Imagen-Jornadas-2021-01-23-a-las-5-22-35-2.png\" alt=\"Imagen Jornadas 2021-01-23 a las 5 22 35 (2)\" \/><\/figure><\/div>\t\t\t<\/div>\n\t\t\t\t\t<\/div>\n\t\t\t\t<\/div>\n\t\t\t\t<\/div>\n\t\t\t\t\t<\/div>\n\t\t<\/div>\n\t\t\t\t\t\t\t<\/div>\n\t\t<\/section>\n\t\t\t\t<section class=\"elementor-section elementor-top-section elementor-element elementor-element-3031b4d elementor-section-height-full elementor-section-boxed elementor-section-height-default elementor-section-items-middle\" data-id=\"3031b4d\" data-element_type=\"section\" data-settings=\"{&quot;background_background&quot;:&quot;classic&quot;,&quot;animation&quot;:&quot;none&quot;}\">\n\t\t\t\t\t\t\t<div class=\"elementor-background-overlay\"><\/div>\n\t\t\t\t\t\t\t<div class=\"elementor-container elementor-column-gap-default\">\n\t\t\t\t\t<div class=\"elementor-column elementor-col-100 elementor-top-column elementor-element elementor-element-fae1f78\" data-id=\"fae1f78\" data-element_type=\"column\">\n\t\t\t<div class=\"elementor-widget-wrap elementor-element-populated\">\n\t\t\t\t\t\t\t\t<div class=\"elementor-element elementor-element-ed29b04 no-margin elementor-invisible elementor-widget elementor-widget-heading\" data-id=\"ed29b04\" data-element_type=\"widget\" data-settings=\"{&quot;_animation&quot;:&quot;headShake&quot;}\" data-widget_type=\"heading.default\">\n\t\t\t\t<div class=\"elementor-widget-container\">\n\t\t\t<h2 class=\"elementor-heading-title elementor-size-default\">TALLERES PRE-JORNADAS JUEVES 3 DE MARZO DE 16 A 18 HORAS Y DE 18,10 A 20,10 HORAS, COPcV VALENCIA\n<\/h2>\t\t<\/div>\n\t\t\t\t<\/div>\n\t\t\t\t<div class=\"elementor-element elementor-element-7b51ef5 elementor-widget-divider--view-line_icon no-margin elementor-widget-divider--separator-type-pattern elementor-view-default elementor-widget-divider--element-align-center elementor-widget elementor-widget-divider\" data-id=\"7b51ef5\" data-element_type=\"widget\" data-widget_type=\"divider.default\">\n\t\t\t\t<div class=\"elementor-widget-container\">\n\t\t\t\t\t<div class=\"elementor-divider\" style=\"--divider-pattern-url: url(&quot;data:image\/svg+xml,%3Csvg xmlns=&#039;http:\/\/www.w3.org\/2000\/svg&#039; preserveAspectRatio=&#039;none&#039; overflow=&#039;visible&#039; height=&#039;100%&#039; viewBox=&#039;0 0 24 24&#039; fill=&#039;none&#039; stroke=&#039;black&#039; stroke-width=&#039;3&#039; stroke-linecap=&#039;square&#039; stroke-miterlimit=&#039;10&#039;%3E%3Cpath d=&#039;M0,6c6,0,0.9,11.1,6.9,11.1S18,6,24,6&#039;\/%3E%3C\/svg%3E&quot;);\">\n\t\t\t<span class=\"elementor-divider-separator\">\n\t\t\t\t\t\t\t<div class=\"elementor-icon elementor-divider__element\">\n\t\t\t\t\t<i aria-hidden=\"true\" class=\"fas fa-paint-brush\"><\/i><\/div>\n\t\t\t\t\t\t<\/span>\n\t\t<\/div>\n\t\t\t\t<\/div>\n\t\t\t\t<\/div>\n\t\t\t\t\t<\/div>\n\t\t<\/div>\n\t\t\t\t\t\t\t<\/div>\n\t\t<\/section>\n\t\t\t\t<section class=\"elementor-section elementor-top-section elementor-element elementor-element-dd7a3b9 elementor-section-boxed elementor-section-height-default elementor-section-height-default\" data-id=\"dd7a3b9\" data-element_type=\"section\">\n\t\t\t\t\t\t<div class=\"elementor-container elementor-column-gap-default\">\n\t\t\t\t\t<div class=\"elementor-column elementor-col-100 elementor-top-column elementor-element elementor-element-a8e632d\" data-id=\"a8e632d\" data-element_type=\"column\">\n\t\t\t<div class=\"elementor-widget-wrap elementor-element-populated\">\n\t\t\t\t\t\t\t\t<div class=\"elementor-element elementor-element-a59a72c elementor-widget elementor-widget-heading\" data-id=\"a59a72c\" data-element_type=\"widget\" data-widget_type=\"heading.default\">\n\t\t\t\t<div class=\"elementor-widget-container\">\n\t\t\t<h1 class=\"elementor-heading-title elementor-size-default\">TALLER 1- Trauma, Cuerpo y Apego. Introducci\u00f3n al Yoga Sensible al Trauma. Carolina Frontini. Jueves 3 de marzo de 16 a 18 horas (plazas limitadas a 16 personas inscritas en Jornadas, no olvid\u00e9is traer ropa c\u00f3moda), en Sala COPCV, Calle Alberique 35 de Valencia\n\n\n<\/h1>\t\t<\/div>\n\t\t\t\t<\/div>\n\t\t\t\t<section class=\"elementor-section elementor-inner-section elementor-element elementor-element-9f4b5b5 elementor-section-content-middle elementor-section-boxed elementor-section-height-default elementor-section-height-default\" data-id=\"9f4b5b5\" data-element_type=\"section\">\n\t\t\t\t\t\t<div class=\"elementor-container elementor-column-gap-no\">\n\t\t\t\t\t<div class=\"elementor-column elementor-col-50 elementor-inner-column elementor-element elementor-element-d664693\" data-id=\"d664693\" data-element_type=\"column\">\n\t\t\t<div class=\"elementor-widget-wrap elementor-element-populated\">\n\t\t\t\t\t\t\t\t<div class=\"elementor-element elementor-element-11e346b elementor-widget elementor-widget-image\" data-id=\"11e346b\" data-element_type=\"widget\" data-widget_type=\"image.default\">\n\t\t\t\t<div class=\"elementor-widget-container\">\n\t\t\t\t\t<div class=\"elementor-image\">\n\t\t\t\t\t\t\t\t\t\t<img width=\"408\" height=\"398\" src=\"https:\/\/ian-e.org\/jornadas2022\/wp-content\/uploads\/2021\/02\/Captura-de-pantalla-2021-02-12-a-las-9.09.12.png\" class=\"attachment-full size-full\" alt=\"\" loading=\"lazy\" srcset=\"https:\/\/ian-e.org\/jornadas2022\/wp-content\/uploads\/2021\/02\/Captura-de-pantalla-2021-02-12-a-las-9.09.12.png 408w, https:\/\/ian-e.org\/jornadas2022\/wp-content\/uploads\/2021\/02\/Captura-de-pantalla-2021-02-12-a-las-9.09.12-300x293.png 300w\" sizes=\"(max-width: 408px) 100vw, 408px\" \/>\t\t\t\t\t\t\t\t\t\t\t<\/div>\n\t\t\t\t<\/div>\n\t\t\t\t<\/div>\n\t\t\t\t\t<\/div>\n\t\t<\/div>\n\t\t\t\t<div class=\"elementor-column elementor-col-50 elementor-inner-column elementor-element elementor-element-4858871\" data-id=\"4858871\" data-element_type=\"column\">\n\t\t\t<div class=\"elementor-widget-wrap elementor-element-populated\">\n\t\t\t\t\t\t\t\t<div class=\"elementor-element elementor-element-38597e1 elementor-widget elementor-widget-heading\" data-id=\"38597e1\" data-element_type=\"widget\" data-widget_type=\"heading.default\">\n\t\t\t\t<div class=\"elementor-widget-container\">\n\t\t\t<h2 class=\"elementor-heading-title elementor-size-default\">Carolina Frontini<\/h2>\t\t<\/div>\n\t\t\t\t<\/div>\n\t\t\t\t<div class=\"elementor-element elementor-element-3018fed elementor-widget elementor-widget-text-editor\" data-id=\"3018fed\" data-element_type=\"widget\" data-widget_type=\"text-editor.default\">\n\t\t\t\t<div class=\"elementor-widget-container\">\n\t\t\t\t\t<div class=\"elementor-text-editor elementor-clearfix\"><p class=\"p1\">Facilitadora certificada de Yoga Sensible al Trauma (Center for Trauma and Embodiment, USA), Instructora de Yoga (S-VYASA, Bangalore, India), Lic. en Psicolog\u00eda (UNMDP, Argentina). Miembro Comit\u00e9 Ejecutivo de International Attach-ment Network (IAN-UK). Inicia la pr\u00e1ctica personal del yoga, meditaci\u00f3n y movimiento corporal hace m\u00e1s de 15 a\u00f1os. Ha encontrado en el enfoque de Yoga Sensible al Trauma del Trauma Center (TCTSY) la posibilidad de facilitar una pr\u00e1ctica accesible promoviendo un espacio seguro para personas con vivencias de trauma complejo. En sus a\u00f1os de residencia en Londres ha formado parte del equipo de profesionales de la organizaci\u00f3n Latin American Women\u00b4s Right (LAWRS) como facilitadora del Grupo \u00b4Trauma Aware Yoga\u00b4 dirigido a mujeres latinas afectadas por diferentes tipos de violencia. Ha brindado sesiones de yoga y meditaci\u00f3n a mujeres refugiadas y migrantes de \u00c1frica y Europa del Este para la organizaci\u00f3n Lewisham Refugee and Migrant Network (LRMN) y la British Red Cross (BRC). Actualmente vive en Espa\u00f1a brindando tanto sesiones de yoga y meditaci\u00f3n abiertas al p\u00fablico en general, as\u00ed como sesiones individuales y grupales de TCTSY que complementan el proceso de psicoterapia de personas con experiencias de abuso sexual infantil, traumas tempranos y afecciones en la sexualidad. Trabaja junto a profesionales psiquiatras, psic\u00f3logos y psicoterapeutas promoviendo la integraci\u00f3n entre TCTSY y los tratamientos en salud mental.<span class=\"Apple-converted-space\">\u00a0<\/span><\/p><\/div>\n\t\t\t\t<\/div>\n\t\t\t\t<\/div>\n\t\t\t\t\t<\/div>\n\t\t<\/div>\n\t\t\t\t\t\t\t<\/div>\n\t\t<\/section>\n\t\t\t\t<section class=\"elementor-section elementor-inner-section elementor-element elementor-element-f7d3440 elementor-section-content-middle elementor-section-boxed elementor-section-height-default elementor-section-height-default\" data-id=\"f7d3440\" data-element_type=\"section\">\n\t\t\t\t\t\t<div class=\"elementor-container elementor-column-gap-no\">\n\t\t\t\t\t<div class=\"elementor-column elementor-col-50 elementor-inner-column elementor-element elementor-element-1ed0f84\" data-id=\"1ed0f84\" data-element_type=\"column\">\n\t\t\t<div class=\"elementor-widget-wrap elementor-element-populated\">\n\t\t\t\t\t\t\t\t<div class=\"elementor-element elementor-element-67ba6cf elementor-widget elementor-widget-text-editor\" data-id=\"67ba6cf\" data-element_type=\"widget\" data-widget_type=\"text-editor.default\">\n\t\t\t\t<div class=\"elementor-widget-container\">\n\t\t\t\t\t<div class=\"elementor-text-editor elementor-clearfix\"><p class=\"p1\"><b>TALLER: <\/b>Durante la \u00faltima d\u00e9cada, el desarrollo en terapia del trauma ha estado marcado por una incorporaci\u00f3n significativa de t\u00e9cnicas y\/o pr\u00e1cticas corporales que se integran con los modelos de psicoterapia verbal. Se han demostrado los beneficios de la utilizaci\u00f3n del yoga como pr\u00e1ctica complementaria en el abordaje de las manifestaciones f\u00edsicas y emocionales asociadas a la vivencia de experiencias traum\u00e1ticas. La mayor\u00eda de las personas que han sufrido trauma est\u00e1n fuera del contacto de sus sensaciones f\u00edsicas y la pr\u00e1ctica corporal puede ser una v\u00eda para que recuperen la sensaci\u00f3n de seguridad en sus propios cuerpos. El Programa de Yoga Sensible al Trauma (TCTSY siglas en ingl\u00e9s) desarrollado en el Trauma Center de Brookline MA por el profesor de yoga David Emerson junto al Dr. Bessel van Der Kolk, es una pr\u00e1ctica corporal complementaria y validada. En 2017, se convirti\u00f3 en el primer programa de yoga que figura como pr\u00e1ctica basada en la evidencia para el tratamiento del trauma psicol\u00f3gico. El modelo se basa en la tradici\u00f3n del hatha yoga, en la Teor\u00eda del Apego y en los aportes de las Neurociencias, siendo dise\u00f1ado para ofrecer un espacio donde los participantes tienen la oportunidad de experimentar de forma segura, ejercicios de respiraci\u00f3n, movimientos corporales y sensitivos que estimulan la funci\u00f3n interoceptiva. Los conceptos de la Teor\u00eda del Apego est\u00e1n en la base de esta pr\u00e1ctica y orientan el rol del facilitador de TCTSY para brindar una pr\u00e1ctica corporal en el contexto de una relaci\u00f3n segura. El objetivo es favorecer la autorregulaci\u00f3n psicofisiol\u00f3gica y emocional de los participantes con su propio cuerpo a trav\u00e9s de una respuesta sensible, una activaci\u00f3n de la autonom\u00eda, ofreciendo previsibilidad y disponibilidad.<span class=\"Apple-converted-space\">\u00a0 \u00a0<\/span><\/p><p class=\"p1\">El presente Taller os invita a experimentar la pr\u00e1ctica de Yoga Sensible al Trauma introduciendo sus fundamentos conceptuales b\u00e1sicos. No se requiere experiencia previa en el yoga, la pr\u00e1ctica es accesibles para todos los niveles independientemente de la capacidad f\u00edsica.<span class=\"Apple-converted-space\">\u00a0<\/span><\/p><p class=\"p1\">Metodolog\u00eda: se realiza la pr\u00e1ctica utilizando una silla como soporte, se sugiere ropa c\u00f3moda y la opci\u00f3n de estar descalzo. Duraci\u00f3n: 2 horas.<span class=\"Apple-converted-space\">\u00a0<\/span><\/p><p class=\"p1\">M\u00e1ximo de participantes: 16<\/p><\/div>\n\t\t\t\t<\/div>\n\t\t\t\t<\/div>\n\t\t\t\t\t<\/div>\n\t\t<\/div>\n\t\t\t\t<div class=\"elementor-column elementor-col-50 elementor-inner-column elementor-element elementor-element-6fe98c4\" data-id=\"6fe98c4\" data-element_type=\"column\">\n\t\t\t<div class=\"elementor-widget-wrap elementor-element-populated\">\n\t\t\t\t\t\t\t\t<div class=\"elementor-element elementor-element-5403039 elementor-widget elementor-widget-image\" data-id=\"5403039\" data-element_type=\"widget\" data-widget_type=\"image.default\">\n\t\t\t\t<div class=\"elementor-widget-container\">\n\t\t\t\t\t<div class=\"elementor-image\">\n\t\t\t\t\t\t\t\t\t\t<img width=\"1000\" height=\"712\" src=\"https:\/\/ian-e.org\/jornadas2022\/wp-content\/uploads\/2021\/02\/TSY-3.jpg\" class=\"attachment-full size-full\" alt=\"\" loading=\"lazy\" srcset=\"https:\/\/ian-e.org\/jornadas2022\/wp-content\/uploads\/2021\/02\/TSY-3.jpg 1000w, https:\/\/ian-e.org\/jornadas2022\/wp-content\/uploads\/2021\/02\/TSY-3-300x214.jpg 300w, https:\/\/ian-e.org\/jornadas2022\/wp-content\/uploads\/2021\/02\/TSY-3-768x547.jpg 768w\" sizes=\"(max-width: 1000px) 100vw, 1000px\" \/>\t\t\t\t\t\t\t\t\t\t\t<\/div>\n\t\t\t\t<\/div>\n\t\t\t\t<\/div>\n\t\t\t\t\t<\/div>\n\t\t<\/div>\n\t\t\t\t\t\t\t<\/div>\n\t\t<\/section>\n\t\t\t\t\t<\/div>\n\t\t<\/div>\n\t\t\t\t\t\t\t<\/div>\n\t\t<\/section>\n\t\t\t\t<section class=\"elementor-section elementor-top-section elementor-element elementor-element-bc42e03 elementor-section-content-middle elementor-section-boxed elementor-section-height-default elementor-section-height-default\" data-id=\"bc42e03\" data-element_type=\"section\" id=\"work\">\n\t\t\t\t\t\t<div class=\"elementor-container elementor-column-gap-default\">\n\t\t\t\t\t<div class=\"elementor-column elementor-col-100 elementor-top-column elementor-element elementor-element-8944880\" data-id=\"8944880\" data-element_type=\"column\">\n\t\t\t<div class=\"elementor-widget-wrap elementor-element-populated\">\n\t\t\t\t\t\t\t\t<div class=\"elementor-element elementor-element-e71f386 elementor-widget elementor-widget-heading\" data-id=\"e71f386\" data-element_type=\"widget\" data-widget_type=\"heading.default\">\n\t\t\t\t<div class=\"elementor-widget-container\">\n\t\t\t<h1 class=\"elementor-heading-title elementor-size-default\">TALLER 2 La capa de Caperucita y el reloj de los Cabritillos. Irene Henche Zabala. Jueves 3 de Marzo de 18,10 a 20,10 horas en sede COPCV, Calle Alberique 35 de Valencia<\/h1>\t\t<\/div>\n\t\t\t\t<\/div>\n\t\t\t\t<section class=\"elementor-section elementor-inner-section elementor-element elementor-element-4968e86 elementor-section-content-middle elementor-section-boxed elementor-section-height-default elementor-section-height-default\" data-id=\"4968e86\" data-element_type=\"section\">\n\t\t\t\t\t\t<div class=\"elementor-container elementor-column-gap-no\">\n\t\t\t\t\t<div class=\"elementor-column elementor-col-50 elementor-inner-column elementor-element elementor-element-4b78a61\" data-id=\"4b78a61\" data-element_type=\"column\">\n\t\t\t<div class=\"elementor-widget-wrap elementor-element-populated\">\n\t\t\t\t\t\t\t\t<div class=\"elementor-element elementor-element-31e3b17 elementor-widget elementor-widget-image\" data-id=\"31e3b17\" data-element_type=\"widget\" data-widget_type=\"image.default\">\n\t\t\t\t<div class=\"elementor-widget-container\">\n\t\t\t\t\t<div class=\"elementor-image\">\n\t\t\t\t\t\t\t\t\t\t<img width=\"630\" height=\"468\" src=\"https:\/\/ian-e.org\/jornadas2022\/wp-content\/uploads\/2021\/02\/Captura-de-pantalla-2021-02-12-a-las-9.09.19.png\" class=\"attachment-full size-full\" alt=\"\" loading=\"lazy\" srcset=\"https:\/\/ian-e.org\/jornadas2022\/wp-content\/uploads\/2021\/02\/Captura-de-pantalla-2021-02-12-a-las-9.09.19.png 630w, https:\/\/ian-e.org\/jornadas2022\/wp-content\/uploads\/2021\/02\/Captura-de-pantalla-2021-02-12-a-las-9.09.19-300x223.png 300w\" sizes=\"(max-width: 630px) 100vw, 630px\" \/>\t\t\t\t\t\t\t\t\t\t\t<\/div>\n\t\t\t\t<\/div>\n\t\t\t\t<\/div>\n\t\t\t\t\t<\/div>\n\t\t<\/div>\n\t\t\t\t<div class=\"elementor-column elementor-col-50 elementor-inner-column elementor-element elementor-element-0e4a1e3\" data-id=\"0e4a1e3\" data-element_type=\"column\">\n\t\t\t<div class=\"elementor-widget-wrap elementor-element-populated\">\n\t\t\t\t\t\t\t\t<div class=\"elementor-element elementor-element-4a5cec7 elementor-widget elementor-widget-heading\" data-id=\"4a5cec7\" data-element_type=\"widget\" data-widget_type=\"heading.default\">\n\t\t\t\t<div class=\"elementor-widget-container\">\n\t\t\t<h2 class=\"elementor-heading-title elementor-size-default\">Irene Henche Zabala<\/h2>\t\t<\/div>\n\t\t\t\t<\/div>\n\t\t\t\t<div class=\"elementor-element elementor-element-744ea9c elementor-widget elementor-widget-text-editor\" data-id=\"744ea9c\" data-element_type=\"widget\" data-widget_type=\"text-editor.default\">\n\t\t\t\t<div class=\"elementor-widget-container\">\n\t\t\t\t\t<div class=\"elementor-text-editor elementor-clearfix\"><p class=\"p1\">Psic\u00f3loga Cl\u00ednica y Educativa. Psicoterapeuta individual, de grupos y de familias. Psicodramatista Supervisora Docente. Autora del M\u00e9todo de Psicodrama Simb\u00f3lico Junguiano. Fundadora y Directora de la Escuela de Psicodrama Simb\u00f3lico. Miembro de la Asociaci\u00f3n Espa\u00f1ola de Psicodrama y de la IAGP, actualmente Delegada de Asociaci\u00f3n Espa\u00f1ola de Psicodrama en FEAP. Formadora en Psicodrama y en Psicodrama Simb\u00f3lico, imparte cursos, conferencias, seminarios y talleres hace m\u00e1s de veinticinco a\u00f1os. Su actividad docente se desarrolla en Madrid, en diferentes comunidades aut\u00f3nomas espa\u00f1olas, as\u00ed como en el \u00e1mbito internacional, en pa\u00edses como Italia, Francia, Argentina, Portugal, Alemania, Austria, Suiza.<\/p><\/div>\n\t\t\t\t<\/div>\n\t\t\t\t<\/div>\n\t\t\t\t\t<\/div>\n\t\t<\/div>\n\t\t\t\t\t\t\t<\/div>\n\t\t<\/section>\n\t\t\t\t<section class=\"elementor-section elementor-inner-section elementor-element elementor-element-9a28d95 elementor-section-content-middle elementor-section-boxed elementor-section-height-default elementor-section-height-default\" data-id=\"9a28d95\" data-element_type=\"section\">\n\t\t\t\t\t\t<div class=\"elementor-container elementor-column-gap-no\">\n\t\t\t\t\t<div class=\"elementor-column elementor-col-50 elementor-inner-column elementor-element elementor-element-20654c9\" data-id=\"20654c9\" data-element_type=\"column\">\n\t\t\t<div class=\"elementor-widget-wrap elementor-element-populated\">\n\t\t\t\t\t\t\t\t<div class=\"elementor-element elementor-element-da2104c elementor-widget elementor-widget-text-editor\" data-id=\"da2104c\" data-element_type=\"widget\" data-widget_type=\"text-editor.default\">\n\t\t\t\t<div class=\"elementor-widget-container\">\n\t\t\t\t\t<div class=\"elementor-text-editor elementor-clearfix\"><p><strong>TALLER<\/strong>:<\/p><p class=\"p1\">Desde tiempos inmemoriales los cuentos han sido nuestros acompa\u00f1antes por el cosmos y por los bosques de la existencia. As\u00ed, nos cuentan, por ejemplo, que el reloj del crecimiento se pone en marcha y que hay un cabritillo peque\u00f1o que encontrar\u00e1 un lugar seguro y sobrevivir\u00e1 a la fiera salvaje que irrumpe en la casa, y podr\u00e1 rescatar, junto con su madre, a sus seis hermanos devorados. Y tambi\u00e9n nos dicen que podremos recibir una capa de una suavidad suprema, como el agua primigenia anterior al nacimiento, y como la piel que nos dio la bienvenida al mundo y nos fue permitiendo crear nuestra primera autoimagen en el v\u00ednculo de piel a piel.<\/p><p class=\"p2\">Y finalmente, en esta tr\u00edada de cuentos, que podremos construir una casa, es decir, un espacio interior, un yo, que no podr\u00e1 ser ya derribado por el lobo.<\/p><p class=\"p2\">Veremos c\u00f3mo estos cuentos nos hablan de logros esenciales en los primeros a\u00f1os del desarrollo a trav\u00e9s del v\u00ednculo y la relaci\u00f3n de apego. Y realizaremos una breve experiencia de imaginaci\u00f3n creativa que nos ponga en contacto con esta memoria pre-verbal.<\/p><p class=\"p1\">M\u00e1ximo de participantes: 25<\/p><\/div>\n\t\t\t\t<\/div>\n\t\t\t\t<\/div>\n\t\t\t\t\t<\/div>\n\t\t<\/div>\n\t\t\t\t<div class=\"elementor-column elementor-col-50 elementor-inner-column elementor-element elementor-element-821338f\" data-id=\"821338f\" data-element_type=\"column\">\n\t\t\t<div class=\"elementor-widget-wrap elementor-element-populated\">\n\t\t\t\t\t\t\t\t<div class=\"elementor-element elementor-element-27d934f elementor-widget elementor-widget-image\" data-id=\"27d934f\" data-element_type=\"widget\" data-widget_type=\"image.default\">\n\t\t\t\t<div class=\"elementor-widget-container\">\n\t\t\t\t\t<div class=\"elementor-image\">\n\t\t\t\t\t\t\t\t\t\t<img width=\"188\" height=\"268\" src=\"https:\/\/ian-e.org\/jornadas2022\/wp-content\/uploads\/2021\/02\/Caperucita.jpg\" class=\"attachment-full size-full\" alt=\"\" loading=\"lazy\" \/>\t\t\t\t\t\t\t\t\t\t\t<\/div>\n\t\t\t\t<\/div>\n\t\t\t\t<\/div>\n\t\t\t\t\t<\/div>\n\t\t<\/div>\n\t\t\t\t\t\t\t<\/div>\n\t\t<\/section>\n\t\t\t\t\t<\/div>\n\t\t<\/div>\n\t\t\t\t\t\t\t<\/div>\n\t\t<\/section>\n\t\t\t\t<section class=\"elementor-section elementor-top-section elementor-element elementor-element-f03eea6 elementor-section-boxed elementor-section-height-default elementor-section-height-default\" data-id=\"f03eea6\" data-element_type=\"section\">\n\t\t\t\t\t\t<div class=\"elementor-container elementor-column-gap-default\">\n\t\t\t\t\t<div class=\"elementor-column elementor-col-100 elementor-top-column elementor-element elementor-element-c4fbc0f\" data-id=\"c4fbc0f\" data-element_type=\"column\">\n\t\t\t<div class=\"elementor-widget-wrap elementor-element-populated\">\n\t\t\t\t\t\t\t\t<div class=\"elementor-element elementor-element-6ed43c3 elementor-widget elementor-widget-heading\" data-id=\"6ed43c3\" data-element_type=\"widget\" data-widget_type=\"heading.default\">\n\t\t\t\t<div class=\"elementor-widget-container\">\n\t\t\t<h1 class=\"elementor-heading-title elementor-size-default\">PROGRAMA XVI JORNADAS IAN-E MARZO 2022\n<\/h1>\t\t<\/div>\n\t\t\t\t<\/div>\n\t\t\t\t<div class=\"elementor-element elementor-element-4aece08 elementor-widget elementor-widget-heading\" data-id=\"4aece08\" data-element_type=\"widget\" data-widget_type=\"heading.default\">\n\t\t\t\t<div class=\"elementor-widget-container\">\n\t\t\t<h2 class=\"elementor-heading-title elementor-size-default\"><b>Col\u00b7legi Oficial de Psicologia de la Comunitat Valenciana<\/b>. Sal\u00f3n de  Actos, Calle Alberique 35 Valencia\n<\/h2>\t\t<\/div>\n\t\t\t\t<\/div>\n\t\t\t\t<div class=\"elementor-element elementor-element-6080040 elementor-widget elementor-widget-heading\" data-id=\"6080040\" data-element_type=\"widget\" data-widget_type=\"heading.default\">\n\t\t\t\t<div class=\"elementor-widget-container\">\n\t\t\t<h2 class=\"elementor-heading-title elementor-size-default\">Del 3 al 5 de marzo de 2022<\/h2>\t\t<\/div>\n\t\t\t\t<\/div>\n\t\t\t\t<div class=\"elementor-element elementor-element-4e44572 eael-table-align-center eael-dt-th-align-left eael-dt-td-align-left elementor-widget elementor-widget-eael-data-table\" data-id=\"4e44572\" data-element_type=\"widget\" data-widget_type=\"eael-data-table.default\">\n\t\t\t\t<div class=\"elementor-widget-container\">\n\t\t\t\t\t<div class=\"eael-data-table-wrap custom-responsive-option-enable\" data-table_id=\"4e44572\" data-custom_responsive=\"true\">\n\t\t\t<table class=\"tablesorter eael-data-table center\" id=\"eael-data-table-4e44572\">\n\t\t\t    <thead>\n\t\t\t        <tr class=\"table-header\">\n\t\t\t\t\t\t\t\t\t            <th class=\"\" id=\"\" colspan=\"\">\n\t\t\t\t\t\t\t\t\t\t\t\t\t\t<span class=\"data-table-header-text\"><\/span><\/th>\n\t\t\t        \t\t\t\t            <th class=\"\" id=\"\" colspan=\"\">\n\t\t\t\t\t\t\t\t\t\t\t\t\t\t<span class=\"data-table-header-text\">Talleres Jueves 3 de marzo<\/span><\/th>\n\t\t\t        \t\t\t\t        <\/tr>\n\t\t\t    <\/thead>\n\t\t\t  \t<tbody>\n\t\t\t\t\t\t\t\t\t\t\t<tr>\n\t\t\t\t\t\t\t\t\t\t\t\t\t\t\t\t\t\t\t\t\t\t\t\t\t\t\t\t<td colspan=\"\" rowspan=\"\" class=\"\" id=\"\">\n\t\t\t\t\t\t\t\t\t\t\t\t<div class=\"td-content-wrapper\"><div class=\"td-content\">16:00-18:00<\/div><\/div>\n\t\t\t\t\t\t\t\t\t\t\t<\/td>\n\t\t\t\t\t\t\t\t\t\t\t\t\t\t\t\t\t\t\t\t\t\t\t\t\t\t\t\t\t\t\t\t\t\t\t\t\t\t\t\t\t<td colspan=\"\" rowspan=\"\" class=\"\" id=\"\">\n\t\t\t\t\t\t\t\t\t\t\t\t<div class=\"td-content-wrapper\"><div class=\"td-content\"><p class=\"p1\"><b>Trauma, cuerpo y apego. Introducci\u00f3n al Yoga Sensible al trauma. <\/b>Carolina Frontini.<\/p><p class=\"p1\">Plazas limitadas, \u00a1no olvid\u00e9is venir con ropa c\u00f3moda!<span class=\"Apple-converted-space\">\u00a0<\/span><\/p><\/div><\/div>\n\t\t\t\t\t\t\t\t\t\t\t<\/td>\n\t\t\t\t\t\t\t\t\t\t\t\t\t\t\t\t\t\t\t\t\t\t\t\t\t\t<\/tr>\n\t\t\t        \t\t\t\t\t\t<tr>\n\t\t\t\t\t\t\t\t\t\t\t\t\t\t\t\t\t\t\t\t\t\t\t\t\t\t\t\t<td colspan=\"\" rowspan=\"\" class=\"\" id=\"\">\n\t\t\t\t\t\t\t\t\t\t\t\t<div class=\"td-content-wrapper\"><div class=\"td-content\">18:10-20:10<\/div><\/div>\n\t\t\t\t\t\t\t\t\t\t\t<\/td>\n\t\t\t\t\t\t\t\t\t\t\t\t\t\t\t\t\t\t\t\t\t\t\t\t\t\t\t\t\t\t\t\t\t\t\t\t\t\t\t\t\t<td colspan=\"\" rowspan=\"\" class=\"\" id=\"\">\n\t\t\t\t\t\t\t\t\t\t\t\t<div class=\"td-content-wrapper\"><div class=\"td-content\"><p class=\"p1\"><b>La capa de Caperucita y el reloj de los cabritillos. <\/b>Irene Henche Zabala.<\/p><p>Plazas limitadas.<\/p><p class=\"p1\">\u00a0<\/p><\/div><\/div>\n\t\t\t\t\t\t\t\t\t\t\t<\/td>\n\t\t\t\t\t\t\t\t\t\t\t\t\t\t\t\t\t\t\t\t\t\t\t\t\t\t<\/tr>\n\t\t\t        \t\t\t    <\/tbody>\n\t\t\t<\/table>\n\t\t<\/div>\n\t  \t\t\t<\/div>\n\t\t\t\t<\/div>\n\t\t\t\t\t<\/div>\n\t\t<\/div>\n\t\t\t\t\t\t\t<\/div>\n\t\t<\/section>\n\t\t\t\t<section class=\"elementor-section elementor-top-section elementor-element elementor-element-efb4e18 elementor-section-boxed elementor-section-height-default elementor-section-height-default\" data-id=\"efb4e18\" data-element_type=\"section\">\n\t\t\t\t\t\t<div class=\"elementor-container elementor-column-gap-default\">\n\t\t\t\t\t<div class=\"elementor-column elementor-col-100 elementor-top-column elementor-element elementor-element-07f545f\" data-id=\"07f545f\" data-element_type=\"column\">\n\t\t\t<div class=\"elementor-widget-wrap elementor-element-populated\">\n\t\t\t\t\t\t\t\t<div class=\"elementor-element elementor-element-3000987 eael-table-align-center eael-dt-th-align-left eael-dt-td-align-left elementor-widget elementor-widget-eael-data-table\" data-id=\"3000987\" data-element_type=\"widget\" data-widget_type=\"eael-data-table.default\">\n\t\t\t\t<div class=\"elementor-widget-container\">\n\t\t\t\t\t<div class=\"eael-data-table-wrap custom-responsive-option-enable\" data-table_id=\"3000987\" data-custom_responsive=\"true\">\n\t\t\t<table class=\"tablesorter eael-data-table center\" id=\"eael-data-table-3000987\">\n\t\t\t    <thead>\n\t\t\t        <tr class=\"table-header\">\n\t\t\t\t\t\t\t\t\t            <th class=\"\" id=\"\" colspan=\"\">\n\t\t\t\t\t\t\t\t\t\t\t\t\t\t<span class=\"data-table-header-text\"><\/span><\/th>\n\t\t\t        \t\t\t\t            <th class=\"\" id=\"\" colspan=\"\">\n\t\t\t\t\t\t\t\t\t\t\t\t\t\t<span class=\"data-table-header-text\">Jornadas Viernes 4 de marzo<\/span><\/th>\n\t\t\t        \t\t\t\t        <\/tr>\n\t\t\t    <\/thead>\n\t\t\t  \t<tbody>\n\t\t\t\t\t\t\t\t\t\t\t<tr>\n\t\t\t\t\t\t\t\t\t\t\t\t\t\t\t\t\t\t\t\t\t\t\t\t\t\t\t\t<td colspan=\"\" rowspan=\"\" class=\"\" id=\"\">\n\t\t\t\t\t\t\t\t\t\t\t\t<div class=\"td-content-wrapper\"><div class=\"td-content\">09:00-09:15<\/div><\/div>\n\t\t\t\t\t\t\t\t\t\t\t<\/td>\n\t\t\t\t\t\t\t\t\t\t\t\t\t\t\t\t\t\t\t\t\t\t\t\t\t\t\t\t\t\t\t\t\t\t\t\t\t\t\t\t\t<td colspan=\"\" rowspan=\"\" class=\"\" id=\"\">\n\t\t\t\t\t\t\t\t\t\t\t\t<div class=\"td-content-wrapper\"><div class=\"td-content\"><p class=\"p1\"><b>Inauguraci\u00f3n de las Jornadas:<\/b><\/p><p class=\"p1\"><b>Rosa Josefa Molero. <\/b>Directora general de Infancia y Adolescencia<\/p><p class=\"p1\">Vicepresidencia y Conselleria de Igualdad y Pol\u00edticas Inclusivas de la Generalitat Valenciana<\/p><p class=\"p1\"><b>Francisco Santolaya.<\/b><span class=\"s1\"> Presidente del Colegio de Psic\u00f3logos <\/span><\/p><p class=\"p1\"><b>Diego Figuera<\/b>. Presidente Ian Espa\u00f1a<\/p><\/div><\/div>\n\t\t\t\t\t\t\t\t\t\t\t<\/td>\n\t\t\t\t\t\t\t\t\t\t\t\t\t\t\t\t\t\t\t\t\t\t\t\t\t\t<\/tr>\n\t\t\t        \t\t\t\t\t\t<tr>\n\t\t\t\t\t\t\t\t\t\t\t\t\t\t\t\t\t\t\t\t\t\t\t\t\t\t\t\t<td colspan=\"\" rowspan=\"\" class=\"\" id=\"\">\n\t\t\t\t\t\t\t\t\t\t\t\t<div class=\"td-content-wrapper\"><div class=\"td-content\">09:15-10:15<\/div><\/div>\n\t\t\t\t\t\t\t\t\t\t\t<\/td>\n\t\t\t\t\t\t\t\t\t\t\t\t\t\t\t\t\t\t\t\t\t\t\t\t\t\t\t\t\t\t\t\t\t\t\t\t\t\t\t\t\t<td colspan=\"\" rowspan=\"\" class=\"\" id=\"\">\n\t\t\t\t\t\t\t\t\t\t\t\t<div class=\"td-content-wrapper\"><div class=\"td-content\">CONFERENCIA INAUGURAL:  \n<b>\u00bfD\u00f3nde se qued\u00f3 la \u00e9tica y la promoci\u00f3n de los buenos tratos en momentos de pandemia? <\/b> Dr. JORGE BARUDY\n<\/div><\/div>\n\t\t\t\t\t\t\t\t\t\t\t<\/td>\n\t\t\t\t\t\t\t\t\t\t\t\t\t\t\t\t\t\t\t\t\t\t\t\t\t\t<\/tr>\n\t\t\t        \t\t\t\t\t\t<tr>\n\t\t\t\t\t\t\t\t\t\t\t\t\t\t\t\t\t\t\t\t\t\t\t\t\t\t\t\t<td colspan=\"\" rowspan=\"\" class=\"\" id=\"\">\n\t\t\t\t\t\t\t\t\t\t\t\t<div class=\"td-content-wrapper\"><div class=\"td-content\">10:15-10:45<\/div><\/div>\n\t\t\t\t\t\t\t\t\t\t\t<\/td>\n\t\t\t\t\t\t\t\t\t\t\t\t\t\t\t\t\t\t\t\t\t\t\t\t\t\t\t\t\t\t\t\t\t\t\t\t\t\t\t\t\t<td colspan=\"\" rowspan=\"\" class=\"\" id=\"\">\n\t\t\t\t\t\t\t\t\t\t\t\t<div class=\"td-content-wrapper\"><div class=\"td-content\"><b>Debate<\/div><\/div>\n\t\t\t\t\t\t\t\t\t\t\t<\/td>\n\t\t\t\t\t\t\t\t\t\t\t\t\t\t\t\t\t\t\t\t\t\t\t\t\t\t<\/tr>\n\t\t\t        \t\t\t\t\t\t<tr>\n\t\t\t\t\t\t\t\t\t\t\t\t\t\t\t\t\t\t\t\t\t\t\t\t\t\t\t\t<td colspan=\"\" rowspan=\"\" class=\"\" id=\"\">\n\t\t\t\t\t\t\t\t\t\t\t\t<div class=\"td-content-wrapper\"><div class=\"td-content\">10:45-11:15<\/div><\/div>\n\t\t\t\t\t\t\t\t\t\t\t<\/td>\n\t\t\t\t\t\t\t\t\t\t\t\t\t\t\t\t\t\t\t\t\t\t\t\t\t\t\t\t\t\t\t\t\t\t\t\t\t\t\t\t\t<td colspan=\"\" rowspan=\"\" class=\"\" id=\"\">\n\t\t\t\t\t\t\t\t\t\t\t\t<div class=\"td-content-wrapper\"><div class=\"td-content\">Descanso<\/div><\/div>\n\t\t\t\t\t\t\t\t\t\t\t<\/td>\n\t\t\t\t\t\t\t\t\t\t\t\t\t\t\t\t\t\t\t\t\t\t\t\t\t\t<\/tr>\n\t\t\t        \t\t\t\t\t\t<tr>\n\t\t\t\t\t\t\t\t\t\t\t\t\t\t\t\t\t\t\t\t\t\t\t\t\t\t\t\t<td colspan=\"\" rowspan=\"\" class=\"\" id=\"\">\n\t\t\t\t\t\t\t\t\t\t\t\t<div class=\"td-content-wrapper\"><div class=\"td-content\">11:15 - 12:30<\/div><\/div>\n\t\t\t\t\t\t\t\t\t\t\t<\/td>\n\t\t\t\t\t\t\t\t\t\t\t\t\t\t\t\t\t\t\t\t\t\t\t\t\t\t\t\t\t\t\t\t\t\t\t\t\t\t\t\t\t<td colspan=\"\" rowspan=\"\" class=\"\" id=\"\">\n\t\t\t\t\t\t\t\t\t\t\t\t<div class=\"td-content-wrapper\"><div class=\"td-content\">GRUPOS de TRABAJO <b> Valores: \u00bfQu\u00e9 puede aportar la Teor\u00eda del Apego en los momentos de crisis globales a las pol\u00edticas y reglamentaciones que buscan el bien com\u00fan?<\/div><\/div>\n\t\t\t\t\t\t\t\t\t\t\t<\/td>\n\t\t\t\t\t\t\t\t\t\t\t\t\t\t\t\t\t\t\t\t\t\t\t\t\t\t<\/tr>\n\t\t\t        \t\t\t\t\t\t<tr>\n\t\t\t\t\t\t\t\t\t\t\t\t\t\t\t\t\t\t\t\t\t\t\t\t\t\t\t\t<td colspan=\"\" rowspan=\"\" class=\"\" id=\"\">\n\t\t\t\t\t\t\t\t\t\t\t\t<div class=\"td-content-wrapper\"><div class=\"td-content\">12:30-13:30<\/div><\/div>\n\t\t\t\t\t\t\t\t\t\t\t<\/td>\n\t\t\t\t\t\t\t\t\t\t\t\t\t\t\t\t\t\t\t\t\t\t\t\t\t\t\t\t\t\t\t\t\t\t\t\t\t\t\t\t\t<td colspan=\"\" rowspan=\"\" class=\"\" id=\"\">\n\t\t\t\t\t\t\t\t\t\t\t\t<div class=\"td-content-wrapper\"><div class=\"td-content\"><b>EXPOSICI\u00d3N DE CONCLUSIONES <\/b> Con la participaci\u00f3n de Jorge Barudy\n<\/div><\/div>\n\t\t\t\t\t\t\t\t\t\t\t<\/td>\n\t\t\t\t\t\t\t\t\t\t\t\t\t\t\t\t\t\t\t\t\t\t\t\t\t\t<\/tr>\n\t\t\t        \t\t\t\t\t\t<tr>\n\t\t\t\t\t\t\t\t\t\t\t\t\t\t\t\t\t\t\t\t\t\t\t\t\t\t\t\t<td colspan=\"\" rowspan=\"\" class=\"\" id=\"\">\n\t\t\t\t\t\t\t\t\t\t\t\t<div class=\"td-content-wrapper\"><div class=\"td-content\">13:30-14:00<\/div><\/div>\n\t\t\t\t\t\t\t\t\t\t\t<\/td>\n\t\t\t\t\t\t\t\t\t\t\t\t\t\t\t\t\t\t\t\t\t\t\t\t\t\t\t\t\t\t\t\t\t\t\t\t\t\t\t\t\t<td colspan=\"\" rowspan=\"\" class=\"\" id=\"\">\n\t\t\t\t\t\t\t\t\t\t\t\t<div class=\"td-content-wrapper\"><div class=\"td-content\"><p class=\"p1\"><b>Presentaci\u00f3n de libros:<\/b><\/p><p class=\"p1\"><b>Apego y Parentalidad Vol II<\/b> Compiladores Mario Marrone y Elsa Wolfberg.<\/p><p class=\"p1\"><b>Sexualidad, la tuya, la mia y la de los dem\u00e1s (II Edici\u00f3n).<\/b> Mario Marrone<\/p><p class=\"p1\">Presentar\u00e1n de forma virtual: Dr. Mario Marrone, Dra Elsa Wolfberg y Manuel Esbert (Editorial Psimatica).<\/p><\/div><\/div>\n\t\t\t\t\t\t\t\t\t\t\t<\/td>\n\t\t\t\t\t\t\t\t\t\t\t\t\t\t\t\t\t\t\t\t\t\t\t\t\t\t<\/tr>\n\t\t\t        \t\t\t\t\t\t<tr>\n\t\t\t\t\t\t\t\t\t\t\t\t\t\t\t\t\t\t\t\t\t\t\t\t\t\t\t\t<td colspan=\"\" rowspan=\"\" class=\"\" id=\"\">\n\t\t\t\t\t\t\t\t\t\t\t\t<div class=\"td-content-wrapper\"><div class=\"td-content\">14:00-16:00<\/div><\/div>\n\t\t\t\t\t\t\t\t\t\t\t<\/td>\n\t\t\t\t\t\t\t\t\t\t\t\t\t\t\t\t\t\t\t\t\t\t\t\t\t\t\t\t\t\t\t\t\t\t\t\t\t\t\t\t\t<td colspan=\"\" rowspan=\"\" class=\"\" id=\"\">\n\t\t\t\t\t\t\t\t\t\t\t\t<div class=\"td-content-wrapper\"><div class=\"td-content\">Descanso<\/div><\/div>\n\t\t\t\t\t\t\t\t\t\t\t<\/td>\n\t\t\t\t\t\t\t\t\t\t\t\t\t\t\t\t\t\t\t\t\t\t\t\t\t\t<\/tr>\n\t\t\t        \t\t\t\t\t\t<tr>\n\t\t\t\t\t\t\t\t\t\t\t\t\t\t\t\t\t\t\t\t\t\t\t\t\t\t\t\t<td colspan=\"\" rowspan=\"\" class=\"\" id=\"\">\n\t\t\t\t\t\t\t\t\t\t\t\t<div class=\"td-content-wrapper\"><div class=\"td-content\">16:00-17:15<\/div><\/div>\n\t\t\t\t\t\t\t\t\t\t\t<\/td>\n\t\t\t\t\t\t\t\t\t\t\t\t\t\t\t\t\t\t\t\t\t\t\t\t\t\t\t\t\t\t\t\t\t\t\t\t\t\t\t\t\t<td colspan=\"\" rowspan=\"\" class=\"\" id=\"\">\n\t\t\t\t\t\t\t\t\t\t\t\t<div class=\"td-content-wrapper\"><div class=\"td-content\"><p class=\"p1\">MESA REDONDA: <b>El apego en tiempos de distancia f\u00edsica<\/b><\/p><p class=\"p1\">Presentaci\u00f3n de la sesi\u00f3n: <b>Elsa Wolfberg<\/b>, Presidenta de IAN-Argentina<\/p><p class=\"p1\">Coordinadora<b>: Maria Julia S\u00e1nchez<\/b><\/p><p class=\"p1\"><b>Presentaciones:<\/b><\/p><p class=\"p1\"><b>Percepci\u00f3n de los v\u00ednculos y la educaci\u00f3n en tiempos de pandemia en ni\u00f1os, ni\u00f1as y adolescentes de Colombia y Uruguay. <\/b>Sara Josefina Zabarain Cogollo, Laura Szteren, Martha Fern\u00e1ndez-Daza y Zuleima Le\u00f3n Valle.<\/p><p class=\"p1\"><b>Una experiencia de sost\u00e9n y apoyo interescuelas. <\/b>Pilar Garc\u00eda y Chelo Fern\u00e1ndez.<\/p><p class=\"p1\"><b>Salud Mental Perinatal. Apego y distanciamiento. <\/b>Natalia Castillo, Victoria Eusse, Carolina Hoyos.<\/p><p class=\"p1\"><b>Promoci\u00f3n del apego saludable en medios de comunicaci\u00f3n. <\/b>Ana Clara Spitz Manzo.<\/p><p class=\"p1\"><b>La experiencia de ense\u00f1ar teor\u00eda del apego a los psic\u00f3logos durante la pandemia y de los sanitarios en la UCI<\/b>. Mar\u00eda Teresa Miralles D\u00edaz y Mar\u00eda Isabel Miralles D\u00edaz.<\/p><\/div><\/div>\n\t\t\t\t\t\t\t\t\t\t\t<\/td>\n\t\t\t\t\t\t\t\t\t\t\t\t\t\t\t\t\t\t\t\t\t\t\t\t\t\t<\/tr>\n\t\t\t        \t\t\t\t\t\t<tr>\n\t\t\t\t\t\t\t\t\t\t\t\t\t\t\t\t\t\t\t\t\t\t\t\t\t\t\t\t<td colspan=\"\" rowspan=\"\" class=\"\" id=\"\">\n\t\t\t\t\t\t\t\t\t\t\t\t<div class=\"td-content-wrapper\"><div class=\"td-content\">17:15-17:45<\/div><\/div>\n\t\t\t\t\t\t\t\t\t\t\t<\/td>\n\t\t\t\t\t\t\t\t\t\t\t\t\t\t\t\t\t\t\t\t\t\t\t\t\t\t\t\t\t\t\t\t\t\t\t\t\t\t\t\t\t<td colspan=\"\" rowspan=\"\" class=\"\" id=\"\">\n\t\t\t\t\t\t\t\t\t\t\t\t<div class=\"td-content-wrapper\"><div class=\"td-content\"><b>Debate<\/div><\/div>\n\t\t\t\t\t\t\t\t\t\t\t<\/td>\n\t\t\t\t\t\t\t\t\t\t\t\t\t\t\t\t\t\t\t\t\t\t\t\t\t\t<\/tr>\n\t\t\t        \t\t\t\t\t\t<tr>\n\t\t\t\t\t\t\t\t\t\t\t\t\t\t\t\t\t\t\t\t\t\t\t\t\t\t\t\t<td colspan=\"\" rowspan=\"\" class=\"\" id=\"\">\n\t\t\t\t\t\t\t\t\t\t\t\t<div class=\"td-content-wrapper\"><div class=\"td-content\">17:45-18:15<\/div><\/div>\n\t\t\t\t\t\t\t\t\t\t\t<\/td>\n\t\t\t\t\t\t\t\t\t\t\t\t\t\t\t\t\t\t\t\t\t\t\t\t\t\t\t\t\t\t\t\t\t\t\t\t\t\t\t\t\t<td colspan=\"\" rowspan=\"\" class=\"\" id=\"\">\n\t\t\t\t\t\t\t\t\t\t\t\t<div class=\"td-content-wrapper\"><div class=\"td-content\">Descanso<\/div><\/div>\n\t\t\t\t\t\t\t\t\t\t\t<\/td>\n\t\t\t\t\t\t\t\t\t\t\t\t\t\t\t\t\t\t\t\t\t\t\t\t\t\t<\/tr>\n\t\t\t        \t\t\t\t\t\t<tr>\n\t\t\t\t\t\t\t\t\t\t\t\t\t\t\t\t\t\t\t\t\t\t\t\t\t\t\t\t<td colspan=\"\" rowspan=\"\" class=\"\" id=\"\">\n\t\t\t\t\t\t\t\t\t\t\t\t<div class=\"td-content-wrapper\"><div class=\"td-content\">18:15-19:15<\/div><\/div>\n\t\t\t\t\t\t\t\t\t\t\t<\/td>\n\t\t\t\t\t\t\t\t\t\t\t\t\t\t\t\t\t\t\t\t\t\t\t\t\t\t\t\t\t\t\t\t\t\t\t\t\t\t\t\t\t<td colspan=\"\" rowspan=\"\" class=\"\" id=\"\">\n\t\t\t\t\t\t\t\t\t\t\t\t<div class=\"td-content-wrapper\"><div class=\"td-content\">GRUPOS de TRABAJO <b> \u00bfQu\u00e9 hemos aprendido como profesionales y como personas de la pandemia?<\/div><\/div>\n\t\t\t\t\t\t\t\t\t\t\t<\/td>\n\t\t\t\t\t\t\t\t\t\t\t\t\t\t\t\t\t\t\t\t\t\t\t\t\t\t<\/tr>\n\t\t\t        \t\t\t\t\t\t<tr>\n\t\t\t\t\t\t\t\t\t\t\t\t\t\t\t\t\t\t\t\t\t\t\t\t\t\t\t\t<td colspan=\"\" rowspan=\"\" class=\"\" id=\"\">\n\t\t\t\t\t\t\t\t\t\t\t\t<div class=\"td-content-wrapper\"><div class=\"td-content\">19:15-20:15<\/div><\/div>\n\t\t\t\t\t\t\t\t\t\t\t<\/td>\n\t\t\t\t\t\t\t\t\t\t\t\t\t\t\t\t\t\t\t\t\t\t\t\t\t\t\t\t\t\t\t\t\t\t\t\t\t\t\t\t\t<td colspan=\"\" rowspan=\"\" class=\"\" id=\"\">\n\t\t\t\t\t\t\t\t\t\t\t\t<div class=\"td-content-wrapper\"><div class=\"td-content\"><b>EXPOSICI\u00d3N DE CONCLUSIONES\n<\/div><\/div>\n\t\t\t\t\t\t\t\t\t\t\t<\/td>\n\t\t\t\t\t\t\t\t\t\t\t\t\t\t\t\t\t\t\t\t\t\t\t\t\t\t<\/tr>\n\t\t\t        \t\t\t\t\t\t<tr>\n\t\t\t\t\t\t\t\t\t\t\t\t\t\t\t\t\t\t\t\t\t\t\t\t\t\t\t\t<td colspan=\"\" rowspan=\"\" class=\"\" id=\"\">\n\t\t\t\t\t\t\t\t\t\t\t\t<div class=\"td-content-wrapper\"><div class=\"td-content\">20:15-21:15<\/div><\/div>\n\t\t\t\t\t\t\t\t\t\t\t<\/td>\n\t\t\t\t\t\t\t\t\t\t\t\t\t\t\t\t\t\t\t\t\t\t\t\t\t\t\t\t\t\t\t\t\t\t\t\t\t\t\t\t\t<td colspan=\"\" rowspan=\"\" class=\"\" id=\"\">\n\t\t\t\t\t\t\t\t\t\t\t\t<div class=\"td-content-wrapper\"><div class=\"td-content\"><b> Asamblea Socios IAN-Espa\u00f1a\n<\/div><\/div>\n\t\t\t\t\t\t\t\t\t\t\t<\/td>\n\t\t\t\t\t\t\t\t\t\t\t\t\t\t\t\t\t\t\t\t\t\t\t\t\t\t<\/tr>\n\t\t\t        \t\t\t    <\/tbody>\n\t\t\t<\/table>\n\t\t<\/div>\n\t  \t\t\t<\/div>\n\t\t\t\t<\/div>\n\t\t\t\t\t<\/div>\n\t\t<\/div>\n\t\t\t\t\t\t\t<\/div>\n\t\t<\/section>\n\t\t\t\t<section class=\"elementor-section elementor-top-section elementor-element elementor-element-c49029e elementor-section-boxed elementor-section-height-default elementor-section-height-default\" data-id=\"c49029e\" data-element_type=\"section\">\n\t\t\t\t\t\t<div class=\"elementor-container elementor-column-gap-default\">\n\t\t\t\t\t<div class=\"elementor-column elementor-col-100 elementor-top-column elementor-element elementor-element-4a69067\" data-id=\"4a69067\" data-element_type=\"column\">\n\t\t\t<div class=\"elementor-widget-wrap elementor-element-populated\">\n\t\t\t\t\t\t\t\t<div class=\"elementor-element elementor-element-9683c63 eael-table-align-center eael-dt-th-align-left eael-dt-td-align-left elementor-widget elementor-widget-eael-data-table\" data-id=\"9683c63\" data-element_type=\"widget\" data-widget_type=\"eael-data-table.default\">\n\t\t\t\t<div class=\"elementor-widget-container\">\n\t\t\t\t\t<div class=\"eael-data-table-wrap custom-responsive-option-enable\" data-table_id=\"9683c63\" data-custom_responsive=\"true\">\n\t\t\t<table class=\"tablesorter eael-data-table center\" id=\"eael-data-table-9683c63\">\n\t\t\t    <thead>\n\t\t\t        <tr class=\"table-header\">\n\t\t\t\t\t\t\t\t\t            <th class=\"\" id=\"\" colspan=\"\">\n\t\t\t\t\t\t\t\t\t\t\t\t\t\t<span class=\"data-table-header-text\"><\/span><\/th>\n\t\t\t        \t\t\t\t            <th class=\"\" id=\"\" colspan=\"\">\n\t\t\t\t\t\t\t\t\t\t\t\t\t\t<span class=\"data-table-header-text\">Jornadas S\u00e1bado 5 de marzo<\/span><\/th>\n\t\t\t        \t\t\t\t        <\/tr>\n\t\t\t    <\/thead>\n\t\t\t  \t<tbody>\n\t\t\t\t\t\t\t\t\t\t\t<tr>\n\t\t\t\t\t\t\t\t\t\t\t\t\t\t\t\t\t\t\t\t\t\t\t\t\t\t\t\t<td colspan=\"\" rowspan=\"\" class=\"\" id=\"\">\n\t\t\t\t\t\t\t\t\t\t\t\t<div class=\"td-content-wrapper\"><div class=\"td-content\">09:30-10:45<\/div><\/div>\n\t\t\t\t\t\t\t\t\t\t\t<\/td>\n\t\t\t\t\t\t\t\t\t\t\t\t\t\t\t\t\t\t\t\t\t\t\t\t\t\t\t\t\t\t\t\t\t\t\t\t\t\t\t\t\t<td colspan=\"\" rowspan=\"\" class=\"\" id=\"\">\n\t\t\t\t\t\t\t\t\t\t\t\t<div class=\"td-content-wrapper\"><div class=\"td-content\"><p class=\"p1\">MESA REDONDA: <b>Salud mental, apego y pandemia<\/b><\/p><p class=\"p1\">Presentaci\u00f3n De la sesi\u00f3n<b>: Zuleima Le\u00f3n, <\/b>Presidenta de IAN- Colombia<\/p><p class=\"p1\">Coordinador: <b>Arturo Ezquerro<\/b><\/p><p class=\"p1\"><b>Presentaciones:<\/b><\/p><p class=\"p1\"><b>Contenci\u00f3n de una crisis psic\u00f3tica en un GMF online. La necesidad de crear un espacio seguro. <\/b>Bel\u00e9n Rodr\u00edguez, Carmen Ballesteros y Jorge Mira.<\/p><p class=\"p1\"><b>Trauma del desarrollo y salud mental en una Unidad Terap\u00e9utica Educativa\u00a0Residencial: dificultades a\u00f1adidas en pandemia. <\/b>Francisco de Pedro Melgarejo.<\/p><p class=\"p1\"><b>Psicoterapia en tiempos de pandemia. <\/b>Alejandra Taborda y Marta Sadurn\u00ed<b>.<\/b><\/p><p class=\"p1\"><span class=\"s1\"><b>Relaci\u00f3n de Apego y Trauma con la Psicolog\u00eda Transpersonal.<\/b> Fran Moreno Piera.<\/span><\/p><\/div><\/div>\n\t\t\t\t\t\t\t\t\t\t\t<\/td>\n\t\t\t\t\t\t\t\t\t\t\t\t\t\t\t\t\t\t\t\t\t\t\t\t\t\t<\/tr>\n\t\t\t        \t\t\t\t\t\t<tr>\n\t\t\t\t\t\t\t\t\t\t\t\t\t\t\t\t\t\t\t\t\t\t\t\t\t\t\t\t<td colspan=\"\" rowspan=\"\" class=\"\" id=\"\">\n\t\t\t\t\t\t\t\t\t\t\t\t<div class=\"td-content-wrapper\"><div class=\"td-content\">10:45-11:15<\/div><\/div>\n\t\t\t\t\t\t\t\t\t\t\t<\/td>\n\t\t\t\t\t\t\t\t\t\t\t\t\t\t\t\t\t\t\t\t\t\t\t\t\t\t\t\t\t\t\t\t\t\t\t\t\t\t\t\t\t<td colspan=\"\" rowspan=\"\" class=\"\" id=\"\">\n\t\t\t\t\t\t\t\t\t\t\t\t<div class=\"td-content-wrapper\"><div class=\"td-content\"><p><strong>Debate<\/strong><\/p><\/div><\/div>\n\t\t\t\t\t\t\t\t\t\t\t<\/td>\n\t\t\t\t\t\t\t\t\t\t\t\t\t\t\t\t\t\t\t\t\t\t\t\t\t\t<\/tr>\n\t\t\t        \t\t\t\t\t\t<tr>\n\t\t\t\t\t\t\t\t\t\t\t\t\t\t\t\t\t\t\t\t\t\t\t\t\t\t\t\t<td colspan=\"\" rowspan=\"\" class=\"\" id=\"\">\n\t\t\t\t\t\t\t\t\t\t\t\t<div class=\"td-content-wrapper\"><div class=\"td-content\">11:15-11:45<\/div><\/div>\n\t\t\t\t\t\t\t\t\t\t\t<\/td>\n\t\t\t\t\t\t\t\t\t\t\t\t\t\t\t\t\t\t\t\t\t\t\t\t\t\t\t\t\t\t\t\t\t\t\t\t\t\t\t\t\t<td colspan=\"\" rowspan=\"\" class=\"\" id=\"\">\n\t\t\t\t\t\t\t\t\t\t\t\t<div class=\"td-content-wrapper\"><div class=\"td-content\">Descanso<\/div><\/div>\n\t\t\t\t\t\t\t\t\t\t\t<\/td>\n\t\t\t\t\t\t\t\t\t\t\t\t\t\t\t\t\t\t\t\t\t\t\t\t\t\t<\/tr>\n\t\t\t        \t\t\t\t\t\t<tr>\n\t\t\t\t\t\t\t\t\t\t\t\t\t\t\t\t\t\t\t\t\t\t\t\t\t\t\t\t<td colspan=\"\" rowspan=\"\" class=\"\" id=\"\">\n\t\t\t\t\t\t\t\t\t\t\t\t<div class=\"td-content-wrapper\"><div class=\"td-content\">11:45-12:45<\/div><\/div>\n\t\t\t\t\t\t\t\t\t\t\t<\/td>\n\t\t\t\t\t\t\t\t\t\t\t\t\t\t\t\t\t\t\t\t\t\t\t\t\t\t\t\t\t\t\t\t\t\t\t\t\t\t\t\t\t<td colspan=\"\" rowspan=\"\" class=\"\" id=\"\">\n\t\t\t\t\t\t\t\t\t\t\t\t<div class=\"td-content-wrapper\"><div class=\"td-content\">GRUPOS de TRABAJO <b>\u00bfQu\u00e9 puede aportar la Teor\u00eda del Apego en los tratamientos del sufrimiento psicol\u00f3gico en momentos de crisis pand\u00e9mica?<\/div><\/div>\n\t\t\t\t\t\t\t\t\t\t\t<\/td>\n\t\t\t\t\t\t\t\t\t\t\t\t\t\t\t\t\t\t\t\t\t\t\t\t\t\t<\/tr>\n\t\t\t        \t\t\t\t\t\t<tr>\n\t\t\t\t\t\t\t\t\t\t\t\t\t\t\t\t\t\t\t\t\t\t\t\t\t\t\t\t<td colspan=\"\" rowspan=\"\" class=\"\" id=\"\">\n\t\t\t\t\t\t\t\t\t\t\t\t<div class=\"td-content-wrapper\"><div class=\"td-content\">12:45 - 14:15<\/div><\/div>\n\t\t\t\t\t\t\t\t\t\t\t<\/td>\n\t\t\t\t\t\t\t\t\t\t\t\t\t\t\t\t\t\t\t\t\t\t\t\t\t\t\t\t\t\t\t\t\t\t\t\t\t\t\t\t\t<td colspan=\"\" rowspan=\"\" class=\"\" id=\"\">\n\t\t\t\t\t\t\t\t\t\t\t\t<div class=\"td-content-wrapper\"><div class=\"td-content\">EXPOSICI\u00d3N DE CONCLUSIONES<\/div><\/div>\n\t\t\t\t\t\t\t\t\t\t\t<\/td>\n\t\t\t\t\t\t\t\t\t\t\t\t\t\t\t\t\t\t\t\t\t\t\t\t\t\t<\/tr>\n\t\t\t        \t\t\t\t\t\t<tr>\n\t\t\t\t\t\t\t\t\t\t\t\t\t\t\t\t\t\t\t\t\t\t\t\t\t\t\t\t<td colspan=\"\" rowspan=\"\" class=\"\" id=\"\">\n\t\t\t\t\t\t\t\t\t\t\t\t<div class=\"td-content-wrapper\"><div class=\"td-content\">14:15-14:45<\/div><\/div>\n\t\t\t\t\t\t\t\t\t\t\t<\/td>\n\t\t\t\t\t\t\t\t\t\t\t\t\t\t\t\t\t\t\t\t\t\t\t\t\t\t\t\t\t\t\t\t\t\t\t\t\t\t\t\t\t<td colspan=\"\" rowspan=\"\" class=\"\" id=\"\">\n\t\t\t\t\t\t\t\t\t\t\t\t<div class=\"td-content-wrapper\"><div class=\"td-content\">CONFERENCIA DE CLAUSURA:\n<b>El cuerpo como lugar del lenguaje. <\/b> Alice Leisse\n\nRoxana Parra, Miembro de la Comisi\u00f3n Directiva de IAN UK (online desde Londres) \n<\/div><\/div>\n\t\t\t\t\t\t\t\t\t\t\t<\/td>\n\t\t\t\t\t\t\t\t\t\t\t\t\t\t\t\t\t\t\t\t\t\t\t\t\t\t<\/tr>\n\t\t\t        \t\t\t    <\/tbody>\n\t\t\t<\/table>\n\t\t<\/div>\n\t  \t\t\t<\/div>\n\t\t\t\t<\/div>\n\t\t\t\t<div class=\"elementor-element elementor-element-02004db elementor-widget elementor-widget-text-editor\" data-id=\"02004db\" data-element_type=\"widget\" data-widget_type=\"text-editor.default\">\n\t\t\t\t<div class=\"elementor-widget-container\">\n\t\t\t\t\t<div class=\"elementor-text-editor elementor-clearfix\"><p class=\"p1\"><b><img loading=\"lazy\" class=\"wp-image-1459 size-full alignleft\" src=\"https:\/\/ian-e.org\/jornadas2022\/wp-content\/uploads\/2021\/02\/Jorge-Barudy-OK.png\" alt=\"\" width=\"129\" height=\"152\" \/>*Jorge Barudy:<\/b><\/p><p class=\"p1\">Chileno, neuropsiquiatra, psiquiatra infantil, psicoterapeuta y terapeuta familiar. Fue docente del posgrado en psicoterapia e intervenci\u00f3n social sist\u00e9mica de la Universidad Cat\u00f3lica de Lovaina (1983-1998). Responsable cl\u00ednico del Programa de prevenci\u00f3n y tratamiento del maltrato infantil (Programa\u00a0<i>SOS Enfants-Famille<\/i><span class=\"s1\"><i>\u00a0<\/i><\/span>de la misma Universidad 1984-1997).<span class=\"s1\">\u00a0<\/span><\/p><p class=\"p1\">Fundador de EXIL en Bruselas (B\u00e9lgica), Barcelona (Espa\u00f1a) y Chile (Centro m\u00e9dico-psicosocial para v\u00edctimas de violencia, tortura y violaci\u00f3n de los Derechos Humanos) y co-fundador, en el a\u00f1o 2000, del Instituto IFIV (Instituto de formaci\u00f3n e investigaci\u00f3n-acci\u00f3n sobre las consecuencias de la violencia y la promoci\u00f3n a la resiliencia) en Barcelona. Es miembro del grupo de trabajo de atenci\u00f3n a la infancia, del pacto por la Infancia en Catalunya. Es Consejero de Honor del Consejo Independiente de Protecci\u00f3n de la Infancia (CIPI). Desde el a\u00f1o 2008 co-dirige el programa de formaci\u00f3n y es docente del \u201cDiplomado de Postgrado en traumaterapia infantil sist\u00e9mica\u201d dirigido a profesionales de la psicolog\u00eda, psiquiatr\u00eda y otras disciplinas afines y que se realiza en Barcelona, Donostia y Madrid (Espa\u00f1a) y Vi\u00f1a del Mar (Chile).<span class=\"s1\">\u00a0<\/span><\/p><p class=\"p2\">Consultor y supervisor de Programas de prevenci\u00f3n y tratamiento del maltrato infantil en Am\u00e9rica Latina, B\u00e9lgica, Francia y Espa\u00f1a; supervisor y formador de equipos profesionales que trabajan en esta \u00e1rea. Docente en diversas Universidades espa\u00f1olas, europeas y americanas en cursos de post-grado relacionado con la prevenci\u00f3n y tratamiento de los efectos de la violencia en ni\u00f1os\/as, mujeres, familia y toda la comunidad. Ponente en m\u00faltiples congresos y jornadas tanto en Espa\u00f1a, Europa, Am\u00e9rica del sur y del centro\u2026 Autor y co-autor de numerosos art\u00edculos sobre el maltrato y la protecci\u00f3n a la infancia, de manuales sobe violencia de g\u00e9nero y sus hijos y de libros.<\/p><\/div>\n\t\t\t\t<\/div>\n\t\t\t\t<\/div>\n\t\t\t\t\t<\/div>\n\t\t<\/div>\n\t\t\t\t\t\t\t<\/div>\n\t\t<\/section>\n\t\t\t\t<section class=\"elementor-section elementor-top-section elementor-element elementor-element-c7daa49 elementor-section-boxed elementor-section-height-default elementor-section-height-default\" data-id=\"c7daa49\" data-element_type=\"section\">\n\t\t\t\t\t\t<div class=\"elementor-container elementor-column-gap-default\">\n\t\t\t\t\t<div class=\"elementor-column elementor-col-100 elementor-top-column elementor-element elementor-element-e437751\" data-id=\"e437751\" data-element_type=\"column\">\n\t\t\t<div class=\"elementor-widget-wrap elementor-element-populated\">\n\t\t\t\t\t\t\t\t<div class=\"elementor-element elementor-element-3d118be elementor-widget elementor-widget-heading\" data-id=\"3d118be\" data-element_type=\"widget\" data-widget_type=\"heading.default\">\n\t\t\t\t<div class=\"elementor-widget-container\">\n\t\t\t<h2 class=\"elementor-heading-title elementor-size-default\">PONENTES MESAS REDONDAS:<\/h2>\t\t<\/div>\n\t\t\t\t<\/div>\n\t\t\t\t<div class=\"elementor-element elementor-element-28d3fc1 elementor-widget elementor-widget-text-editor\" data-id=\"28d3fc1\" data-element_type=\"widget\" data-widget_type=\"text-editor.default\">\n\t\t\t\t<div class=\"elementor-widget-container\">\n\t\t\t\t\t<div class=\"elementor-text-editor elementor-clearfix\"><p class=\"p1\">Sara Josefina Zabarain Cogollo. Ph.D- (IAN Colombia) Profesor Facultad de psicolog\u00eda, Universidad Cooperativa de Colombia<\/p><p class=\"p1\">Laura Andrea Szteren Jezierski. Magister(e)- (IAN Uruguay)<\/p><p class=\"p1\">Martha Fern\u00e1ndez-Daza Ph.D- (IAN Colombia) Profesor Facultad de psicolog\u00eda, Universidad Cooperativa de Colombia<\/p><p class=\"p1\">Zuleima Le\u00f3n Valle. Magister en Psicolog\u00eda- (IAN Colombia) Directora Valor Afectivo- presidente IAN Colombia<\/p><p class=\"p1\">Chelo Fern\u00e1ndez. Educadora escuela infantil. Madrid<\/p><p class=\"p1\">Pilar Garc\u00eda. Educadora escuela infantil. Madrid<\/p><p class=\"p1\">Carmen Ballesteros. Terapeuta Ocupacional. Hospital de D\u00eda de Psiquiatr\u00eda, Hospital Universitario Infanta Sof\u00eda. San Sebasti\u00e1n de los Reyes (Madrid)<span class=\"Apple-converted-space\">\u00a0<\/span><\/p><p class=\"p1\">Natalia Castillo. Psic\u00f3loga enfoque perinatal.<\/p><p class=\"p1\">Victoria Eusse. M\u00e9dico pediatra<\/p><p class=\"p1\">Carolina Hoyos. Psic\u00f3loga enfoque perinatal.<\/p><p class=\"p1\">Ana Clara Spitz Manzo.<span class=\"Apple-converted-space\">\u00a0 <\/span>Periodista, capacitadora empresarial, coach y conductora de los programas Aclarando el Apego Saludable y Conquistando Sue\u00f1os.<\/p><p class=\"p1\">Bel\u00e9n Rodr\u00edguez L\u00f3pez. Psiquiatra. Hospital de D\u00eda de Psiquiatr\u00eda, Hospital Universitario Infanta Sof\u00eda. San Sebasti\u00e1n de los Reyes (Madrid)<span class=\"Apple-converted-space\">\u00a0<\/span><\/p><p class=\"p1\">Carmen Ballesteros. Terapeuta Ocupacional. Hospital de D\u00eda de Psiquiatr\u00eda, Hospital Universitario Infanta Sof\u00eda. San Sebasti\u00e1n de los Reyes (Madrid)<span class=\"Apple-converted-space\">\u00a0<\/span><\/p><p class=\"p1\">Jorge Mira. Psic\u00f3logo cl\u00ednico. Hospital de D\u00eda de Psiquiatr\u00eda, Hospital Universitario Infanta Sof\u00eda. San Sebasti\u00e1n de los Reyes (Madrid)<span class=\"Apple-converted-space\">\u00a0<\/span><\/p><p class=\"p2\"><span class=\"s1\">Francisco de Pedro Melgarejo. Psic\u00f3logo cl\u00ednico. <\/span>Unidad Terap\u00e9utica Educativa Residencial del Hospital Sant Joan de D\u00e9u de Barcelona<\/p><p class=\"p1\">Alejandra Taborda. Dra. en Psicolog\u00eda. Profesora titular de la Universidad Nacional de San Lu\u00eds. Directora de proyecto de investigaci\u00f3n de la UNSL (Argentina)<\/p><p class=\"p1\">Marta Sadurn\u00ed. Dra. en Psicolog\u00eda. Profesora titular y directora del Laboratorio de V\u00ednculo Afectivo y Desarrollo Humano de la Universidad de Girona.<\/p><p class=\"p1\">Mar\u00eda Teresa Miralles D\u00edaz.<span class=\"Apple-converted-space\">\u00a0 <\/span>Psic\u00f3loga. M\u00e1ster en Sexolog\u00eda, Psicolog\u00eda Cl\u00ednica, Teatro Terap\u00e9utico y Psicoan\u00e1lisis. Psicoterapeuta de adultos y parejas.<span class=\"Apple-converted-space\">\u00a0<\/span><\/p><\/div>\n\t\t\t\t<\/div>\n\t\t\t\t<\/div>\n\t\t\t\t<div class=\"elementor-element elementor-element-a8a13c8 elementor-widget elementor-widget-heading\" data-id=\"a8a13c8\" data-element_type=\"widget\" data-widget_type=\"heading.default\">\n\t\t\t\t<div class=\"elementor-widget-container\">\n\t\t\t<h2 class=\"elementor-heading-title elementor-size-default\">COMIT\u00c9 ORGANIZADOR DE LAS JORNADAS Y COORDINADORES DE GRUPOS DE TRABAJO:\n<\/h2>\t\t<\/div>\n\t\t\t\t<\/div>\n\t\t\t\t\t<\/div>\n\t\t<\/div>\n\t\t\t\t\t\t\t<\/div>\n\t\t<\/section>\n\t\t\t\t<section class=\"elementor-section elementor-top-section elementor-element elementor-element-537b7b9 elementor-section-boxed elementor-section-height-default elementor-section-height-default\" data-id=\"537b7b9\" data-element_type=\"section\">\n\t\t\t\t\t\t<div class=\"elementor-container elementor-column-gap-default\">\n\t\t\t\t\t<div class=\"elementor-column elementor-col-100 elementor-top-column elementor-element elementor-element-6e5d617\" data-id=\"6e5d617\" data-element_type=\"column\">\n\t\t\t<div class=\"elementor-widget-wrap elementor-element-populated\">\n\t\t\t\t\t\t\t\t<div class=\"elementor-element elementor-element-cc48e5d eael-table-align-center eael-dt-th-align-left eael-dt-td-align-left elementor-widget elementor-widget-eael-data-table\" data-id=\"cc48e5d\" data-element_type=\"widget\" data-widget_type=\"eael-data-table.default\">\n\t\t\t\t<div class=\"elementor-widget-container\">\n\t\t\t\t\t<div class=\"eael-data-table-wrap custom-responsive-option-enable\" data-table_id=\"cc48e5d\" data-custom_responsive=\"true\">\n\t\t\t<table class=\"tablesorter eael-data-table center\" id=\"eael-data-table-cc48e5d\">\n\t\t\t    <thead>\n\t\t\t        <tr class=\"table-header\">\n\t\t\t\t\t\t\t\t\t            <th class=\"\" id=\"\" colspan=\"\">\n\t\t\t\t\t\t\t\t\t\t\t\t\t\t<span class=\"data-table-header-text\"><\/span><\/th>\n\t\t\t        \t\t\t\t        <\/tr>\n\t\t\t    <\/thead>\n\t\t\t  \t<tbody>\n\t\t\t\t\t\t\t\t\t\t\t<tr>\n\t\t\t\t\t\t\t\t\t\t\t\t\t\t\t\t\t\t\t\t\t\t\t\t\t\t\t\t<td colspan=\"\" rowspan=\"\" class=\"\" id=\"\">\n\t\t\t\t\t\t\t\t\t\t\t\t<div class=\"td-content-wrapper\"><div class=\"td-content\">Cuotas de inscripci\u00f3n<\/div><\/div>\n\t\t\t\t\t\t\t\t\t\t\t<\/td>\n\t\t\t\t\t\t\t\t\t\t\t\t\t\t\t\t\t\t\t\t\t\t\t\t\t\t\t\t\t\t\t\t\t\t\t\t\t\t\t\t\t<td colspan=\"\" rowspan=\"\" class=\"\" id=\"\">\n\t\t\t\t\t\t\t\t\t\t\t\t<div class=\"td-content-wrapper\"><div class=\"td-content\"><p>Online<\/p><\/div><\/div>\n\t\t\t\t\t\t\t\t\t\t\t<\/td>\n\t\t\t\t\t\t\t\t\t\t\t\t\t\t\t\t\t\t\t\t\t\t\t\t\t\t\t\t\t\t\t\t\t\t\t\t\t\t\t\t\t<td colspan=\"\" rowspan=\"\" class=\"\" id=\"\">\n\t\t\t\t\t\t\t\t\t\t\t\t<div class=\"td-content-wrapper\"><div class=\"td-content\">Presencial<\/div><\/div>\n\t\t\t\t\t\t\t\t\t\t\t<\/td>\n\t\t\t\t\t\t\t\t\t\t\t\t\t\t\t\t\t\t\t\t\t\t\t\t\t\t<\/tr>\n\t\t\t        \t\t\t\t\t\t<tr>\n\t\t\t\t\t\t\t\t\t\t\t\t\t\t\t\t\t\t\t\t\t\t\t\t\t\t\t\t<td colspan=\"\" rowspan=\"\" class=\"\" id=\"\">\n\t\t\t\t\t\t\t\t\t\t\t\t<div class=\"td-content-wrapper\"><div class=\"td-content\">Miembros de IAN-E, IAN-UK, SEAS, RIA, Estudiantes y Estudiantes de grupos Teoria del Apego COPV <\/div><\/div>\n\t\t\t\t\t\t\t\t\t\t\t<\/td>\n\t\t\t\t\t\t\t\t\t\t\t\t\t\t\t\t\t\t\t\t\t\t\t\t\t\t\t\t\t\t\t\t\t\t\t\t\t\t\t\t\t<td colspan=\"\" rowspan=\"\" class=\"\" id=\"\">\n\t\t\t\t\t\t\t\t\t\t\t\t<div class=\"td-content-wrapper\"><div class=\"td-content\">80\u20ac<\/div><\/div>\n\t\t\t\t\t\t\t\t\t\t\t<\/td>\n\t\t\t\t\t\t\t\t\t\t\t\t\t\t\t\t\t\t\t\t\t\t\t\t\t\t\t\t\t\t\t\t\t\t\t\t\t\t\t\t\t<td colspan=\"\" rowspan=\"\" class=\"\" id=\"\">\n\t\t\t\t\t\t\t\t\t\t\t\t<div class=\"td-content-wrapper\"><div class=\"td-content\">100\u20ac<\/div><\/div>\n\t\t\t\t\t\t\t\t\t\t\t<\/td>\n\t\t\t\t\t\t\t\t\t\t\t\t\t\t\t\t\t\t\t\t\t\t\t\t\t\t<\/tr>\n\t\t\t        \t\t\t\t\t\t<tr>\n\t\t\t\t\t\t\t\t\t\t\t\t\t\t\t\t\t\t\t\t\t\t\t\t\t\t\t\t<td colspan=\"\" rowspan=\"\" class=\"\" id=\"\">\n\t\t\t\t\t\t\t\t\t\t\t\t<div class=\"td-content-wrapper\"><div class=\"td-content\">No miembros<\/div><\/div>\n\t\t\t\t\t\t\t\t\t\t\t<\/td>\n\t\t\t\t\t\t\t\t\t\t\t\t\t\t\t\t\t\t\t\t\t\t\t\t\t\t\t\t\t\t\t\t\t\t\t\t\t\t\t\t\t<td colspan=\"\" rowspan=\"\" class=\"\" id=\"\">\n\t\t\t\t\t\t\t\t\t\t\t\t<div class=\"td-content-wrapper\"><div class=\"td-content\"><p>100\u20ac<\/p><\/div><\/div>\n\t\t\t\t\t\t\t\t\t\t\t<\/td>\n\t\t\t\t\t\t\t\t\t\t\t\t\t\t\t\t\t\t\t\t\t\t\t\t\t\t\t\t\t\t\t\t\t\t\t\t\t\t\t\t\t<td colspan=\"\" rowspan=\"\" class=\"\" id=\"\">\n\t\t\t\t\t\t\t\t\t\t\t\t<div class=\"td-content-wrapper\"><div class=\"td-content\">120\u20ac<\/div><\/div>\n\t\t\t\t\t\t\t\t\t\t\t<\/td>\n\t\t\t\t\t\t\t\t\t\t\t\t\t\t\t\t\t\t\t\t\t\t\t\t\t\t<\/tr>\n\t\t\t        \t\t\t\t\t\t<tr>\n\t\t\t\t\t\t\t\t\t\t\t\t\t\t\t\t\t\t\t\t\t\t\t\t\t\t\t\t<td colspan=\"\" rowspan=\"\" class=\"\" id=\"\">\n\t\t\t\t\t\t\t\t\t\t\t\t<div class=\"td-content-wrapper\"><div class=\"td-content\">Miembros de IAN en Latinoam\u00e9rica<\/div><\/div>\n\t\t\t\t\t\t\t\t\t\t\t<\/td>\n\t\t\t\t\t\t\t\t\t\t\t\t\t\t\t\t\t\t\t\t\t\t\t\t\t\t\t\t\t\t\t\t\t\t\t\t\t\t\t\t\t<td colspan=\"\" rowspan=\"\" class=\"\" id=\"\">\n\t\t\t\t\t\t\t\t\t\t\t\t<div class=\"td-content-wrapper\"><div class=\"td-content\"><p>50\u20ac<\/p><\/div><\/div>\n\t\t\t\t\t\t\t\t\t\t\t<\/td>\n\t\t\t\t\t\t\t\t\t\t\t\t\t\t\t\t\t\t\t\t\t\t\t\t\t\t\t\t\t\t\t\t\t\t\t\t\t\t\t\t\t<td colspan=\"\" rowspan=\"\" class=\"\" id=\"\">\n\t\t\t\t\t\t\t\t\t\t\t\t<div class=\"td-content-wrapper\"><div class=\"td-content\">70\u20ac<\/div><\/div>\n\t\t\t\t\t\t\t\t\t\t\t<\/td>\n\t\t\t\t\t\t\t\t\t\t\t\t\t\t\t\t\t\t\t\t\t\t\t\t\t\t<\/tr>\n\t\t\t        \t\t\t\t\t\t<tr>\n\t\t\t\t\t\t\t\t\t\t\t\t\t\t\t\t\t\t\t\t\t\t\t\t\t\t\t\t<td colspan=\"\" rowspan=\"\" class=\"\" id=\"\">\n\t\t\t\t\t\t\t\t\t\t\t\t<div class=\"td-content-wrapper\"><div class=\"td-content\">Estudiantes<\/div><\/div>\n\t\t\t\t\t\t\t\t\t\t\t<\/td>\n\t\t\t\t\t\t\t\t\t\t\t\t\t\t\t\t\t\t\t\t\t\t\t\t\t\t\t\t\t\t\t\t\t\t\t\t\t\t\t\t\t<td colspan=\"\" rowspan=\"\" class=\"\" id=\"\">\n\t\t\t\t\t\t\t\t\t\t\t\t<div class=\"td-content-wrapper\"><div class=\"td-content\"><p>50\u20ac<\/p><\/div><\/div>\n\t\t\t\t\t\t\t\t\t\t\t<\/td>\n\t\t\t\t\t\t\t\t\t\t\t\t\t\t\t\t\t\t\t\t\t\t\t\t\t\t\t\t\t\t\t\t\t\t\t\t\t\t\t\t\t<td colspan=\"\" rowspan=\"\" class=\"\" id=\"\">\n\t\t\t\t\t\t\t\t\t\t\t\t<div class=\"td-content-wrapper\"><div class=\"td-content\">70\u20ac<\/div><\/div>\n\t\t\t\t\t\t\t\t\t\t\t<\/td>\n\t\t\t\t\t\t\t\t\t\t\t\t\t\t\t\t\t\t\t\t\t\t\t\t\t\t<\/tr>\n\t\t\t        \t\t\t\t\t\t<tr>\n\t\t\t\t\t\t\t\t\t\t\t\t\t\t\t\t\t\t\t\t\t\t\t\t\t\t\t\t<td colspan=\"\" rowspan=\"\" class=\"\" id=\"\">\n\t\t\t\t\t\t\t\t\t\t\t\t<div class=\"td-content-wrapper\"><div class=\"td-content\">Un Taller*<\/div><\/div>\n\t\t\t\t\t\t\t\t\t\t\t<\/td>\n\t\t\t\t\t\t\t\t\t\t\t\t\t\t\t\t\t\t\t\t\t\t\t\t\t\t\t\t\t\t\t\t\t\t\t\t\t\t\t\t\t<td colspan=\"\" rowspan=\"\" class=\"\" id=\"\">\n\t\t\t\t\t\t\t\t\t\t\t\t<div class=\"td-content-wrapper\"><div class=\"td-content\"><p>Solo presencial<\/p><\/div><\/div>\n\t\t\t\t\t\t\t\t\t\t\t<\/td>\n\t\t\t\t\t\t\t\t\t\t\t\t\t\t\t\t\t\t\t\t\t\t\t\t\t\t\t\t\t\t\t\t\t\t\t\t\t\t\t\t\t<td colspan=\"\" rowspan=\"\" class=\"\" id=\"\">\n\t\t\t\t\t\t\t\t\t\t\t\t<div class=\"td-content-wrapper\"><div class=\"td-content\"><p>20\u20ac<\/p><\/div><\/div>\n\t\t\t\t\t\t\t\t\t\t\t<\/td>\n\t\t\t\t\t\t\t\t\t\t\t\t\t\t\t\t\t\t\t\t\t\t\t\t\t\t<\/tr>\n\t\t\t        \t\t\t\t\t\t<tr>\n\t\t\t\t\t\t\t\t\t\t\t\t\t\t\t\t\t\t\t\t\t\t\t\t\t\t\t\t<td colspan=\"\" rowspan=\"\" class=\"\" id=\"\">\n\t\t\t\t\t\t\t\t\t\t\t\t<div class=\"td-content-wrapper\"><div class=\"td-content\">Dos Talleres*<\/div><\/div>\n\t\t\t\t\t\t\t\t\t\t\t<\/td>\n\t\t\t\t\t\t\t\t\t\t\t\t\t\t\t\t\t\t\t\t\t\t\t\t\t\t\t\t\t\t\t\t\t\t\t\t\t\t\t\t\t<td colspan=\"\" rowspan=\"\" class=\"\" id=\"\">\n\t\t\t\t\t\t\t\t\t\t\t\t<div class=\"td-content-wrapper\"><div class=\"td-content\">Solo presencial<\/div><\/div>\n\t\t\t\t\t\t\t\t\t\t\t<\/td>\n\t\t\t\t\t\t\t\t\t\t\t\t\t\t\t\t\t\t\t\t\t\t\t\t\t\t\t\t\t\t\t\t\t\t\t\t\t\t\t\t\t<td colspan=\"\" rowspan=\"\" class=\"\" id=\"\">\n\t\t\t\t\t\t\t\t\t\t\t\t<div class=\"td-content-wrapper\"><div class=\"td-content\">40\u20ac<\/div><\/div>\n\t\t\t\t\t\t\t\t\t\t\t<\/td>\n\t\t\t\t\t\t\t\t\t\t\t\t\t\t\t\t\t\t\t\t\t\t\t\t\t\t<\/tr>\n\t\t\t        \t\t\t    <\/tbody>\n\t\t\t<\/table>\n\t\t<\/div>\n\t  \t\t\t<\/div>\n\t\t\t\t<\/div>\n\t\t\t\t<div class=\"elementor-element elementor-element-27e2dcc elementor-widget elementor-widget-text-editor\" data-id=\"27e2dcc\" data-element_type=\"widget\" data-widget_type=\"text-editor.default\">\n\t\t\t\t<div class=\"elementor-widget-container\">\n\t\t\t\t\t<div class=\"elementor-text-editor elementor-clearfix\"><p>* Para poder participar en los talleres es necesario haberse inscrito a las Jornadas<br \/>Plazas limitadas. Se adjudicar\u00e1n por orden de inscripci\u00f3n<br \/><strong>Inscripciones en<\/strong> (enlace al El Corte Ingl\u00e9s)<br \/>https:\/\/ian-e.org\/jornadas2022\/<\/p><\/div>\n\t\t\t\t<\/div>\n\t\t\t\t<\/div>\n\t\t\t\t\t<\/div>\n\t\t<\/div>\n\t\t\t\t\t\t\t<\/div>\n\t\t<\/section>\n\t\t\t\t<section class=\"elementor-section elementor-top-section elementor-element elementor-element-0f8bde7 elementor-section-content-middle elementor-section-boxed elementor-section-height-default elementor-section-height-default\" data-id=\"0f8bde7\" data-element_type=\"section\" id=\"contact\">\n\t\t\t\t\t\t<div class=\"elementor-container elementor-column-gap-default\">\n\t\t\t\t\t<div class=\"elementor-column elementor-col-100 elementor-top-column elementor-element elementor-element-282c730\" data-id=\"282c730\" data-element_type=\"column\">\n\t\t\t<div class=\"elementor-widget-wrap elementor-element-populated\">\n\t\t\t\t\t\t\t\t<div class=\"elementor-element elementor-element-5b9f1bb elementor-widget elementor-widget-text-editor\" data-id=\"5b9f1bb\" data-element_type=\"widget\" data-widget_type=\"text-editor.default\">\n\t\t\t\t<div class=\"elementor-widget-container\">\n\t\t\t\t\t<div class=\"elementor-text-editor elementor-clearfix\"><h1>INSCR\u00cdBETE AHORA<\/h1><\/div>\n\t\t\t\t<\/div>\n\t\t\t\t<\/div>\n\t\t\t\t<div class=\"elementor-element elementor-element-c6ef6ef elementor-button-success elementor-align-center elementor-widget elementor-widget-button\" data-id=\"c6ef6ef\" data-element_type=\"widget\" data-widget_type=\"button.default\">\n\t\t\t\t<div class=\"elementor-widget-container\">\n\t\t\t\t\t<div class=\"elementor-button-wrapper\">\n\t\t\t<a href=\"https:\/\/ian.stream-es.com\/index.php\/registro\" class=\"elementor-button-link elementor-button elementor-size-md\" role=\"button\">\n\t\t\t\t\t\t<span class=\"elementor-button-content-wrapper\">\n\t\t\t\t\t\t<span class=\"elementor-button-text\">Haz clic aqu\u00ed<\/span>\n\t\t<\/span>\n\t\t\t\t\t<\/a>\n\t\t<\/div>\n\t\t\t\t<\/div>\n\t\t\t\t<\/div>\n\t\t\t\t\t<\/div>\n\t\t<\/div>\n\t\t\t\t\t\t\t<\/div>\n\t\t<\/section>\n\t\t\t\t<section class=\"elementor-section elementor-top-section elementor-element elementor-element-e2de37c elementor-section-boxed elementor-section-height-default elementor-section-height-default\" data-id=\"e2de37c\" data-element_type=\"section\">\n\t\t\t\t\t\t<div class=\"elementor-container elementor-column-gap-default\">\n\t\t\t\t\t<div class=\"elementor-column elementor-col-100 elementor-top-column elementor-element elementor-element-77a20b5\" data-id=\"77a20b5\" data-element_type=\"column\">\n\t\t\t<div class=\"elementor-widget-wrap elementor-element-populated\">\n\t\t\t\t\t\t\t\t<div class=\"elementor-element elementor-element-e9f993e elementor-widget elementor-widget-heading\" data-id=\"e9f993e\" data-element_type=\"widget\" data-widget_type=\"heading.default\">\n\t\t\t\t<div class=\"elementor-widget-container\">\n\t\t\t<h2 class=\"elementor-heading-title elementor-size-default\">COMIT\u00c9 ORGANIZADOR DE LAS JORNADAS <\/h2>\t\t<\/div>\n\t\t\t\t<\/div>\n\t\t\t\t<div class=\"elementor-element elementor-element-c2e7650 elementor-widget elementor-widget-text-editor\" data-id=\"c2e7650\" data-element_type=\"widget\" data-widget_type=\"text-editor.default\">\n\t\t\t\t<div class=\"elementor-widget-container\">\n\t\t\t\t\t<div class=\"elementor-text-editor elementor-clearfix\"><p class=\"p1\">Diego Figuera.<\/p><p class=\"p1\">Maria Julia S\u00e1nchez<\/p><p class=\"p1\">Fernando Lacasa<\/p><p class=\"p1\">Marcela Giraldo<\/p><p class=\"p1\">Maria Teresa Pi<\/p><p class=\"p1\">Marc P\u00e9rez Buriel<\/p><p class=\"p1\">Trinidad Crespo<\/p><p class=\"p1\">Teresa Miralles (Comit\u00e9 Local)<\/p><\/div>\n\t\t\t\t<\/div>\n\t\t\t\t<\/div>\n\t\t\t\t\t<\/div>\n\t\t<\/div>\n\t\t\t\t\t\t\t<\/div>\n\t\t<\/section>\n\t\t\t\t<section class=\"elementor-section elementor-top-section elementor-element elementor-element-082be6b elementor-section-boxed elementor-section-height-default elementor-section-height-default\" data-id=\"082be6b\" data-element_type=\"section\">\n\t\t\t\t\t\t<div class=\"elementor-container elementor-column-gap-default\">\n\t\t\t\t\t<div class=\"elementor-column elementor-col-100 elementor-top-column elementor-element elementor-element-ca48238\" data-id=\"ca48238\" data-element_type=\"column\">\n\t\t\t<div class=\"elementor-widget-wrap elementor-element-populated\">\n\t\t\t\t\t\t\t\t<div class=\"elementor-element elementor-element-14b36ba elementor-widget elementor-widget-heading\" data-id=\"14b36ba\" data-element_type=\"widget\" data-widget_type=\"heading.default\">\n\t\t\t\t<div class=\"elementor-widget-container\">\n\t\t\t<h2 class=\"elementor-heading-title elementor-size-default\">Jornadas organizadas por\n<\/h2>\t\t<\/div>\n\t\t\t\t<\/div>\n\t\t\t\t<div class=\"elementor-element elementor-element-3ad465e elementor-widget elementor-widget-text-editor\" data-id=\"3ad465e\" data-element_type=\"widget\" data-widget_type=\"text-editor.default\">\n\t\t\t\t<div class=\"elementor-widget-container\">\n\t\t\t\t\t<div class=\"elementor-text-editor elementor-clearfix\"><p>\u00a0<\/p><p>\u00a0 <img loading=\"lazy\" class=\"size-full wp-image-1396 aligncenter\" src=\"https:\/\/ian-e.org\/jornadas2022\/wp-content\/uploads\/2021\/02\/ianiologo-1.jpg\" alt=\"\" width=\"180\" height=\"58\" \/><\/p><\/div>\n\t\t\t\t<\/div>\n\t\t\t\t<\/div>\n\t\t\t\t\t<\/div>\n\t\t<\/div>\n\t\t\t\t\t\t\t<\/div>\n\t\t<\/section>\n\t\t\t\t<section class=\"elementor-section elementor-top-section elementor-element elementor-element-aadadf9 elementor-section-boxed elementor-section-height-default elementor-section-height-default\" data-id=\"aadadf9\" data-element_type=\"section\">\n\t\t\t\t\t\t<div class=\"elementor-container elementor-column-gap-default\">\n\t\t\t\t\t<div class=\"elementor-column elementor-col-100 elementor-top-column elementor-element elementor-element-b285bfe\" data-id=\"b285bfe\" data-element_type=\"column\">\n\t\t\t<div class=\"elementor-widget-wrap elementor-element-populated\">\n\t\t\t\t\t\t\t\t<div class=\"elementor-element elementor-element-9df8ad0 elementor-widget elementor-widget-heading\" data-id=\"9df8ad0\" data-element_type=\"widget\" data-widget_type=\"heading.default\">\n\t\t\t\t<div class=\"elementor-widget-container\">\n\t\t\t<h2 class=\"elementor-heading-title elementor-size-default\">Con la colaboraci\u00f3n de<\/h2>\t\t<\/div>\n\t\t\t\t<\/div>\n\t\t\t\t<div class=\"elementor-element elementor-element-ba38052 elementor-widget elementor-widget-text-editor\" data-id=\"ba38052\" data-element_type=\"widget\" data-widget_type=\"text-editor.default\">\n\t\t\t\t<div class=\"elementor-widget-container\">\n\t\t\t\t\t<div class=\"elementor-text-editor elementor-clearfix\"><p><img loading=\"lazy\" class=\"wp-image-1758 size-medium aligncenter\" src=\"https:\/\/ian-e.org\/jornadas2022\/wp-content\/uploads\/2022\/02\/LOGO-COPCV-Color-300x89.png\" alt=\"\" width=\"300\" height=\"89\" srcset=\"https:\/\/ian-e.org\/jornadas2022\/wp-content\/uploads\/2022\/02\/LOGO-COPCV-Color-300x89.png 300w, https:\/\/ian-e.org\/jornadas2022\/wp-content\/uploads\/2022\/02\/LOGO-COPCV-Color-1024x303.png 1024w, https:\/\/ian-e.org\/jornadas2022\/wp-content\/uploads\/2022\/02\/LOGO-COPCV-Color-768x227.png 768w, https:\/\/ian-e.org\/jornadas2022\/wp-content\/uploads\/2022\/02\/LOGO-COPCV-Color.png 1100w\" sizes=\"(max-width: 300px) 100vw, 300px\" \/><\/p><\/div>\n\t\t\t\t<\/div>\n\t\t\t\t<\/div>\n\t\t\t\t\t<\/div>\n\t\t<\/div>\n\t\t\t\t\t\t\t<\/div>\n\t\t<\/section>\n\t\t\t\t\t\t<\/div>\n\t\t\t\t\t<\/div>\n\t\t","protected":false},"excerpt":{"rendered":"<p>V\u00eddeos Jornadas PRESENTACI\u00d3N Es la primera vez que IAN-E organiza unas Jornadas en formato h\u00edbrido: presencial para quien pueda desplazarse y online para quien tenga dificultades para hacerlo. Despu\u00e9s de dos a\u00f1os de pandemia e incertidumbre, es un buen momento para encontrarnos y trabajar sobre lo que esta experiencia puede aportar a la teor\u00eda del [&hellip;]<\/p>\n","protected":false},"author":1,"featured_media":0,"parent":0,"menu_order":0,"comment_status":"closed","ping_status":"closed","template":"","meta":[],"_links":{"self":[{"href":"https:\/\/ian-e.org\/jornadas2022\/index.php?rest_route=\/wp\/v2\/pages\/25"}],"collection":[{"href":"https:\/\/ian-e.org\/jornadas2022\/index.php?rest_route=\/wp\/v2\/pages"}],"about":[{"href":"https:\/\/ian-e.org\/jornadas2022\/index.php?rest_route=\/wp\/v2\/types\/page"}],"author":[{"embeddable":true,"href":"https:\/\/ian-e.org\/jornadas2022\/index.php?rest_route=\/wp\/v2\/users\/1"}],"replies":[{"embeddable":true,"href":"https:\/\/ian-e.org\/jornadas2022\/index.php?rest_route=%2Fwp%2Fv2%2Fcomments&post=25"}],"version-history":[{"count":484,"href":"https:\/\/ian-e.org\/jornadas2022\/index.php?rest_route=\/wp\/v2\/pages\/25\/revisions"}],"predecessor-version":[{"id":1784,"href":"https:\/\/ian-e.org\/jornadas2022\/index.php?rest_route=\/wp\/v2\/pages\/25\/revisions\/1784"}],"wp:attachment":[{"href":"https:\/\/ian-e.org\/jornadas2022\/index.php?rest_route=%2Fwp%2Fv2%2Fmedia&parent=25"}],"curies":[{"name":"wp","href":"https:\/\/api.w.org\/{rel}","templated":true}]}}